{"id":806,"date":"2021-01-27T18:25:10","date_gmt":"2021-01-27T17:25:10","guid":{"rendered":"https:\/\/reservation.inextremis-aventura.fr\/home\/"},"modified":"2025-07-22T20:01:35","modified_gmt":"2025-07-22T18:01:35","slug":"home","status":"publish","type":"page","link":"https:\/\/reservation.inextremis-aventura.fr\/ca\/","title":{"rendered":"Barranquisme Pirineus Orientals"},"content":{"rendered":"<div class=\"wpb-content-wrapper\"><p>[vc_row full_width=&#8221;stretch_row_content_no_spaces&#8221; content_placement=&#8221;middle&#8221; css=&#8221;.vc_custom_1669811282596{background-color: #fb2056 !important;}&#8221; el_class=&#8221;barre&#8221;][vc_column width=&#8221;1\/4&#8243; offset=&#8221;vc_hidden-sm vc_hidden-xs&#8221;][vc_column_text css=&#8221;.vc_custom_1673177552935{margin-left: 20px !important;}&#8221;]<strong><a class=\"blanc\" title=\"Nous contacter!\" href=\"https:\/\/www.inextremis-aventura.fr\/ca\/contacta-amb-nosaltres\/\"><img loading=\"lazy\" decoding=\"async\" title=\"Contacta amb nosaltres !!\" src=\"https:\/\/www.inextremis-aventura.fr\/wp-content\/uploads\/2014\/03\/contact.png\" alt=\"Contacta amb nosaltres !!\" width=\"25\" height=\"15\" \/> Contacta amb nosaltres ! !\u00a0<\/a><\/strong>[\/vc_column_text][\/vc_column][vc_column width=&#8221;1\/4&#8243; offset=&#8221;vc_col-sm-offset-0 vc_hidden-sm vc_hidden-xs&#8221;][vc_column_text]<strong>\u260f +33 9 80 850 565<\/strong>[\/vc_column_text][\/vc_column][vc_column width=&#8221;1\/4&#8243;][vc_column_text css=&#8221;.vc_custom_1670693987954{margin-left: 20px !important;}&#8221;]<strong><img loading=\"lazy\" decoding=\"async\" class=\"alignnone wp-image-8213\" src=\"https:\/\/www.inextremis-aventura.fr\/wp-content\/uploads\/2022\/12\/icone-mobile.png\" alt=\"+33629564036\" width=\"15\" height=\"25\" \/> 06 29 56 40 36<\/strong>[\/vc_column_text][\/vc_column][vc_column width=&#8221;1\/4&#8243; offset=&#8221;vc_col-sm-offset-0 vc_hidden-sm vc_hidden-xs&#8221;][vc_column_text]<strong><a href=\"https:\/\/goo.gl\/maps\/sMFNHoxDRmRGMJAB9\" target=\"_blank\" rel=\"noopener\"><img loading=\"lazy\" decoding=\"async\" class=\"alignnone wp-image-8229\" title=\"Locaux Inextremis Aventura\" src=\"https:\/\/www.inextremis-aventura.fr\/wp-content\/uploads\/2022\/12\/icone-place.png\" alt=\"Locaux Inextremis Aventura\" width=\"22\" height=\"25\" srcset=\"https:\/\/reservation.inextremis-aventura.fr\/wp-content\/uploads\/2022\/12\/icone-place.png 56w, https:\/\/reservation.inextremis-aventura.fr\/wp-content\/uploads\/2022\/12\/icone-place-50x56.png 50w\" sizes=\"auto, (max-width: 22px) 100vw, 22px\" \/> Nos Locaux<\/a><\/strong>[\/vc_column_text][\/vc_column][\/vc_row][vc_row][vc_column][vc_column_text css=&#8221;&#8221; el_class=&#8221;product_title&#8221;]<\/p>\n<h2 class=\"product_title entry-title\">Baranquisme Pirineus Orientals<\/h2>\n<p>[\/vc_column_text][vc_column_text css=&#8221;&#8221;]<strong>Barranquisme per a tothom, nens, adolescents, adults als Pirineus Orientals (66) a la regi\u00f3 d&#8217;Occit\u00e0nia amb guies instructors de barranquisme certificats per l&#8217;estat franc\u00e8s d&#8217;Inextremis Aventura.<\/strong>[\/vc_column_text][vc_column_text css=&#8221;&#8221;]Barranquisme als Pirineus Orientals (66) als canyons del Gourg des Anelles i Cascades de Baoussous a C\u00e9ret, al Canyon du Mas Calsan a Reyn\u00e8s, al can\u00f3 de Llech prop de Prades, i per a nens a les Gorges du Terme sup\u00e9rieur d&#8217;Am\u00e9lie les Bains i Gorges de Galamus a Saint Paul de Fenouillet, els Guies Instructors de Canyons d&#8217;Inextremis Aventura, especialistes i pioners de l&#8217;activitat, organitzen i supervisen des de l&#8217;any 1988 les baixades de barrancs als Pirineus Orientals.[\/vc_column_text][vc_column_text css=&#8221;&#8221;]El barranquisme \u00e9s una aventura apassionant que et permet descobrir paisatges naturals impressionants tot assumint reptes emocionants. Tant si sou un amant d&#8217;adrenalina com si voleu explorar la bellesa dels congostos, el barranquisme ofereix una experi\u00e8ncia \u00fanica.<\/p>\n<p>Imagineu-vos baixar en r\u00e0pel per cascades d&#8217;aigua brillants, saltar a piscines naturals cristal\u00b7lines, lliscar per tobogans de roca natural i nedar en rius corrents. El barranquisme combina el senderisme, l&#8217;escalada, la nataci\u00f3 i l&#8217;exploraci\u00f3, oferint una aventura completa que demana el teu coratge i esperit aventurer.<br \/>\n[\/vc_column_text][\/vc_column][\/vc_row][vc_row][vc_column][vc_column_text css=&#8221;&#8221;]<\/p>\n<h3>Descens de Barrancs als Pirineus Orientals<\/h3>\n<p><strong>Canyons de diferents nivells, salts, tobogans, r\u00e0pel en cascades, nataci\u00f3 en aig\u00fces braves.<\/strong><br \/>\nTant si sou un principiant com si sou experimentat, hi ha cursos aptes per a tots els nivells d&#8217;habilitat. Els nostres experimentats guies certificats per l&#8217;estat franc\u00e8s, pioners de l&#8217;activitat als Pirineus Orientals, us acompanyaran i us proporcionaran el material necessari per garantir la vostra seguretat durant tota l&#8217;activitat. Tamb\u00e9 compartiran els seus coneixements de geologia, flora i fauna locals, cosa que us permetr\u00e0 apreciar millor el vostre entorn natural.<br \/>\nEl barranquisme \u00e9s una activitat ideal per a grups d&#8217;amics, fam\u00edlies o amants de l&#8217;aire lliure que busquen una experi\u00e8ncia memorable. Ja sigui per mig dia o un dia sencer, el barranquisme us ofereix una aventura immersiva al cor de la natura, que us permetr\u00e0 crear records inoblidables.<br \/>\nPrepareu-vos per superar els vostres l\u00edmits, superar les vostres pors i meravellar-vos amb el poder de la natura. El barranquisme \u00e9s una experi\u00e8ncia \u00fanica que et permetr\u00e0 experimentar l&#8217;emoci\u00f3, la bellesa i la serenitat dels congosts d&#8217;una manera que mai oblidar\u00e0s.[\/vc_column_text][\/vc_column][\/vc_row][vc_row][vc_column width=&#8221;1\/2&#8243;][vc_column_text css=&#8221;&#8221;]<\/p>\n<h3>Canyon que s&#8217;ofereix actualment al 66!!!<\/h3>\n<p>[\/vc_column_text]<div class=\"woocommerce columns-1 \"><ul class=\"products columns-1\">\n<li class=\"desktop-align-center tablet-align-left mobile-align-left ast-product-gallery-layout-horizontal ast-magnify-disabled product type-product post-14591 status-publish first instock product_cat-barranquisme product_cat-intermedi product_tag-anelles-ca product_tag-ceret-ca product_tag-iniciacio-esportiva product_tag-mig-dia product_tag-pirineus-orientals has-post-thumbnail virtual product-type-simple\">\n\t<a href=\"https:\/\/reservation.inextremis-aventura.fr\/ca\/activitats\/barranquisme-gorg-de-les-anelles-ceret-pirineus-orientals\/\" class=\"woocommerce-LoopProduct-link woocommerce-loop-product__link\"><div class=\"wpcbm-wrapper wpcbm-wrapper-archive-image\"><div class=\"wpcbm-badges wpcbm-badges-top-left wpcbm-badges-archive_image\"><div class=\"wpcbm-badge wpcbm-badge-13648 wpcbm-pid-14591 wpcbm-badge-style-04 wpcbm-badge-group-0 hint--top\" aria-label=\"\"><div class=\"wpcbm-badge-inner\">Nivell mitj\u00e0 - 12 anys<\/div><\/div><\/div><div class=\"wpcbm-badges wpcbm-badges-top-right wpcbm-badges-archive_image\"><div class=\"wpcbm-badge wpcbm-badge-13638 wpcbm-pid-14591 wpcbm-badge-style-image wpcbm-badge-group-0 hint--top\" aria-label=\"\"><div class=\"wpcbm-badge-inner\"><img loading=\"lazy\" decoding=\"async\" width=\"158\" height=\"158\" src=\"https:\/\/reservation.inextremis-aventura.fr\/wp-content\/uploads\/2020\/12\/logo2013_small.jpg\" class=\"attachment-full size-full\" alt=\"\" \/><\/div><\/div><\/div><div class=\"wpcbm-badges wpcbm-badges-bottom-left wpcbm-badges-archive_image\"><div class=\"wpcbm-badge wpcbm-badge-13636 wpcbm-pid-14591 wpcbm-badge-style-04 wpcbm-badge-group-0 hint--top\" aria-label=\"\"><div class=\"wpcbm-badge-inner\">Abr\u00edl-Octubre<\/div><\/div><\/div><div class=\"wpcbm-badges wpcbm-badges-bottom-right wpcbm-badges-archive_image\"><div class=\"wpcbm-badge wpcbm-badge-13632 wpcbm-pid-14591 wpcbm-badge-style-04 wpcbm-badge-group-0 hint--top\" aria-label=\"\"><div class=\"wpcbm-badge-inner\">Trasllat en minib\u00fas<\/div><\/div><\/div><img loading=\"lazy\" decoding=\"async\" width=\"1000\" height=\"750\" src=\"https:\/\/reservation.inextremis-aventura.fr\/wp-content\/uploads\/2020\/12\/canyon-gourg-des-anelles-rappel-2020.jpg\" class=\"attachment-woocommerce_thumbnail size-woocommerce_thumbnail\" alt=\"Barranquisme La Llitera \u2013 Gorges de Taurinya \u2013 Pirineus Orientals\" \/><\/div><h2 class=\"woocommerce-loop-product__title\">Barranquisme Gorg de les Anelles &#8211; Ceret &#8211; Pirineus Orientals<\/h2><div class=\"glsr glsr-default glsrw-loop-rating\" style=\"display: inline-block; margin: 0 auto;\">\n    <div class=\"glsr-star-rating glsr-stars\" role=\"img\" aria-label=\"Rated 5 out of 5 stars based on 9 ratings\" data-rating=\"5\" data-reviews=\"9\"><span class=\"glsr-star glsr-star-full\" aria-hidden=\"true\"><\/span><span class=\"glsr-star glsr-star-full\" aria-hidden=\"true\"><\/span><span class=\"glsr-star glsr-star-full\" aria-hidden=\"true\"><\/span><span class=\"glsr-star glsr-star-full\" aria-hidden=\"true\"><\/span><span class=\"glsr-star glsr-star-full\" aria-hidden=\"true\"><\/span><\/div><\/div>\n<\/a><a href=\"https:\/\/reservation.inextremis-aventura.fr\/ca\/activitats\/barranquisme-gorg-de-les-anelles-ceret-pirineus-orientals\/\" aria-describedby=\"woocommerce_loop_add_to_cart_link_describedby_14591\" data-quantity=\"1\" class=\"button product_type_simple \" data-product_id=\"14591\" data-product_sku=\"anelles-01-2025-1\" aria-label=\"M\u00e9s informaci\u00f3 sobre &ldquo;Barranquisme Gorg de les Anelles - Ceret - Pirineus Orientals&rdquo;\" rel=\"nofollow\" data-success_message=\"\">Llegeix m\u00e9s<\/a>\t<span id=\"woocommerce_loop_add_to_cart_link_describedby_14591\" class=\"screen-reader-text\">\n\t\t\t<\/span>\n\n        <script>\n            document.addEventListener('DOMContentLoaded', function(){\n                function getParameterByName(name, url) {\n                    name = name.replace(\/[\\[\\]]\/g, '\\$&');\n                    var regex = new RegExp('[?&]' + name + '(=([^&#]*)|&|#|$)'),\n                        results = regex.exec(url);\n                    if (!results) return null;\n                    if (!results[2]) return '';\n                    return decodeURIComponent(results[2].replace(\/\\+\/g, ' '));\n                }\n\n                document.addEventListener('click', function(event){\n                    const namedItem = event.target.attributes.getNamedItem('data-product_id')\n                    if(!event.target.matches('.ajax_add_to_cart')){\n                        return;\n                    }\n\n                    var item_id = null;\n\n                    if(!namedItem){\n                        try{\n                            item_id = getParameterByName('add-to-cart', new URL(event.target.href).search)\n                        }\n                        catch(e){}\n                    }\n                    else{\n                        item_id = namedItem.value\n                    }\n\n                    if(item_id != anelles-01-2025-1){\n                        return;\n                    }\n\n                    gtag('event', 'add_to_cart', {'items': [ {\"item_id\":\"anelles-01-2025-1\",\"item_name\":\"Barranquisme Gorg de les Anelles - Ceret - Pirineus Orientals\",\"list_name\":\"Barranquisme Gorg de les Anelles &#8211; Ceret &#8211; Pirineus Orientals\",\"quantity\":1,\"price\":0,\"item_category\":\"Barranquisme\",\"item_category_2\":\"Intermedi\"} ]});\n                })\n\n            });\n        <\/script>\n        <\/li>\n<\/ul>\n<\/div>[\/vc_column][vc_column width=&#8221;1\/2&#8243;][vc_column_text css_animation=&#8221;none&#8221; css=&#8221;.vc_custom_1738491812213{padding-top: 10px !important;padding-right: 10px !important;padding-bottom: 10px !important;padding-left: 10px !important;background-color: #00b220 !important;}&#8221; el_class=&#8221;blanc&#8221;]<\/p>\n<h3>On fer barranquisme als Pirineus Orientals ?<\/h3>\n<p><strong><a href=\"https:\/\/www.inextremis-aventura.fr\/ca\/activitats\/barranc-gorges-del-terme-inferior-amelie-les-bains\/\">Barranc Terme inf\u00e9rior &#8211; Amelie les Bains &#8211; Vallespi : v1a2I<\/a><\/strong><br \/>\n<strong><a href=\"https:\/\/www.inextremis-aventura.fr\/ca\/activitats\/barranquisme-gorges-de-galamus-sant-pau-de-fenollet\/\">Barranc Groges de Galamus \u2013 Sant-Pau-de-Fenouillet &#8211; Agly-Fenolledes : v1a3III<\/a><\/strong><br \/>\n<strong><a href=\"https:\/\/www.inextremis-aventura.fr\/ca\/activitats\/barranquisme-molitg\/\">Barranc de Molitg \u2013 Molitg-les-bains &#8211; Conflent &#8211; Conflent : v3a3II<\/a><\/strong><br \/>\n<strong><a href=\"https:\/\/www.inextremis-aventura.fr\/ca\/activitats\/barranquisme-cascades-de-baossos-ceret\/\">Barranc de Baoussous \u2013 C\u00e9ret &#8211; Vallespir : v3a2II<\/a><\/strong><br \/>\n<strong><a href=\"https:\/\/www.inextremis-aventura.fr\/ca\/activitats\/barranquisme-aigua-calenta-de-thues-entre-valls\/\"><strong>Barranc d&#8217;aigua calenta la Fageda &#8211; Thu\u00e8s Entre Valls &#8211; Conflent (obert en hivern) : v3a2II<\/strong><\/a><\/strong><br \/>\n<strong><a href=\"https:\/\/www.inextremis-aventura.fr\/ca\/activitats\/barranquisme-gorg-de-les-anelles-a-ceret-old\/\">Barranc Gorg de les Anelles \u2013 Ceret &#8211; Vallespi : v3a4II<\/a><\/strong><br \/>\n<strong><a href=\"https:\/\/www.inextremis-aventura.fr\/ca\/activitats\/barranquisme-mas-cal-sant-pirineus-orientals\/\">Barranc Mas Cal Sant &#8211; Reiniers &#8211; Vallespi : v3a3II<\/a><\/strong><br \/>\n<strong><a href=\"https:\/\/www.inextremis-aventura.fr\/ca\/activitats\/barranquisme-gorges-du-terme-superieur\/\">Barranc Salt del Pi &#8211; Amelie les Bains &#8211; Vallespir : v3a2III (tancat)<\/a><\/strong><br \/>\n<strong><a href=\"https:\/\/www.inextremis-aventura.fr\/ca\/activitats\/barranc-salt-maria-valenta\/\">Barranc Salt de Maria Valenta &#8211; Arles de Tec &#8211; Vallespi : v4a4IV (tancat)<\/a><\/strong><br \/>\n<strong><a href=\"https:\/\/www.inextremis-aventura.fr\/ca\/activitats\/barranc-gorges-du-llec\/\">Barranc del Llech &#8211; Estoher a prop de Prades &#8211; Conflent : v3a4III<\/a><\/strong><br \/>\n<strong><a href=\"https:\/\/www.inextremis-aventura.fr\/ca\/activitats\/barranquisme-gorges-de-taurinya\/\">Barranc La Llitera &#8211; Taurinya &#8211; Conflent : v4a4III<\/a><\/strong><br \/>\n<strong>Barranc el Cady &#8211; Castell &#8211; Conflent : v3a2I (normativa especifica)<\/strong>[\/vc_column_text][vc_column_text css=&#8221;.vc_custom_1738491148424{padding-top: 10px !important;padding-right: 10px !important;padding-bottom: 10px !important;padding-left: 10px !important;}&#8221; el_class=&#8221;black&#8221;]<\/p>\n<h3>Els diferents nivells de barranquisme que s&#8217;ofereixen<\/h3>\n<ul>\n<li>Nivell descobriment a partir dels 8 anys<\/li>\n<li>Nivell d&#8217;iniciaci\u00f3 a partir dels 10 anys<\/li>\n<li>Grau mitj\u00e0 entre iniciaci\u00f3 i esports a partir dels 12 anys a l&#8217;estiu<\/li>\n<li>Participants de nivell esportiu que han practicat barranquisme a partir dels 14 anys a l&#8217;estiu<\/li>\n<li>Nivell esportiu + participants experimentats en barranquisme a partir de 14 anys (segons condicions)<\/li>\n<li><\/li>\n<\/ul>\n<p>[\/vc_column_text][\/vc_column][\/vc_row][vc_row][vc_column][vc_column_text css=&#8221;.vc_custom_1738491195086{padding-top: 10px !important;padding-right: 10px !important;padding-bottom: 10px !important;padding-left: 10px !important;background-color: #1e73be !important;}&#8221; el_class=&#8221;blanc&#8221;]<\/p>\n<h3>Equipament per al barranquisme:<\/h3>\n<p>Per al barranquisme, et facilitarem equipament individual: neopr\u00e8 de neopr\u00e8 de 5,5 mm, arnesos (arnesos), cascs, cordons, mosquetons de seguretat, vuit (descens), cal\u00e7at (del 36 al 47) i per als per\u00edodes m\u00e9s freds a l&#8217;inici del curs. samarreta de temporada (samarreta de neopr\u00e8 de 3 mm), mitjons de neopr\u00e8 de 3 mm (d&#8217;octubre a juny), per fer r\u00e0pel des de cascades amb cordes, tirolina en r\u00e0pels guiats, saltar a les onades d&#8217;aigua clara, lliscar per tobogans brillants, passar sota les roques, nedar en aig\u00fces braves al cor dels torrents dels Pirineus Orientals, per descobrir aquesta activitat d&#8217;aventura esportiva i divertida&#8230;[\/vc_column_text][vc_column_text css=&#8221;&#8221;]<\/p>\n<h2>Barranquisme en aigua freda (per\u00edode obert d&#8217;abril a octubre)<\/h2>\n<p>[\/vc_column_text][vc_column_text]<strong>Baixades de barrancs per a tots els nivells, per a tothom a tot el departament dels Pirineus Orientals..<\/strong>[\/vc_column_text][vc_column_text css=&#8221;&#8221;]Barranquisme, Aventura en barranquisme, trekking aqu\u00e0tic, R\u00e0pel, Barranquisme, Exploraci\u00f3 de gorges, Excursions de barranquisme, Cascades i tobogans naturals, barranquisme principiants Barranquisme esportiu, Barranquisme principiant, Barranquisme extrem, Guies de barranquisme<br \/>\nEquipament de barranquisme, Millors llocs de barranquisme dels Pirineus Orientals i curs de barranquisme , sortides de barranquisme en grup.<br \/>\n[\/vc_column_text]<div class=\"woocommerce columns-2 \"><ul class=\"products columns-2\">\n<li class=\"desktop-align-center tablet-align-left mobile-align-left ast-product-gallery-layout-horizontal ast-magnify-disabled product type-product post-832 status-publish first instock product_cat-barranquisme product_cat-familia product_tag-amelie-les-bains-ca product_tag-mig-dia product_tag-pirineus-orientals product_tag-terme-inferior product_tag-vallespir-comarca has-post-thumbnail virtual product-type-simple\">\n\t<a href=\"https:\/\/reservation.inextremis-aventura.fr\/ca\/activitats\/barranc-gorges-del-terme-inferior-amelie-les-bains\/\" class=\"woocommerce-LoopProduct-link woocommerce-loop-product__link\"><div class=\"wpcbm-wrapper wpcbm-wrapper-archive-image\"><div class=\"wpcbm-badges wpcbm-badges-top-left wpcbm-badges-archive_image\"><div class=\"wpcbm-badge wpcbm-badge-12639 wpcbm-pid-832 wpcbm-badge-style-04 wpcbm-badge-group-0 hint--top\" aria-label=\"\"><div class=\"wpcbm-badge-inner\">Nivell de descobriment - 8 anys<\/div><\/div><\/div><div class=\"wpcbm-badges wpcbm-badges-bottom-left wpcbm-badges-archive_image\"><div class=\"wpcbm-badge wpcbm-badge-13636 wpcbm-pid-832 wpcbm-badge-style-04 wpcbm-badge-group-0 hint--top\" aria-label=\"\"><div class=\"wpcbm-badge-inner\">Abr\u00edl-Octubre<\/div><\/div><\/div><div class=\"wpcbm-badges wpcbm-badges-top-right wpcbm-badges-archive_image\"><div class=\"wpcbm-badge wpcbm-badge-13638 wpcbm-pid-832 wpcbm-badge-style-image wpcbm-badge-group-0 hint--top\" aria-label=\"\"><div class=\"wpcbm-badge-inner\"><img loading=\"lazy\" decoding=\"async\" width=\"158\" height=\"158\" src=\"https:\/\/reservation.inextremis-aventura.fr\/wp-content\/uploads\/2020\/12\/logo2013_small.jpg\" class=\"attachment-full size-full\" alt=\"\" \/><\/div><\/div><\/div><div class=\"wpcbm-badges wpcbm-badges-bottom-right wpcbm-badges-archive_image\"><div class=\"wpcbm-badge wpcbm-badge-13632 wpcbm-pid-832 wpcbm-badge-style-04 wpcbm-badge-group-0 hint--top\" aria-label=\"\"><div class=\"wpcbm-badge-inner\">Trasllat en minib\u00fas<\/div><\/div><\/div><img loading=\"lazy\" decoding=\"async\" width=\"2272\" height=\"1704\" src=\"https:\/\/reservation.inextremis-aventura.fr\/wp-content\/uploads\/2024\/07\/GoogleDrive_DSCN0113.JPG\" class=\"attachment-woocommerce_thumbnail size-woocommerce_thumbnail\" alt=\"Barranquisme fam\u00edlia Terme inferior - Am\u00e9lie les Bains - Pirineus Orientals\" \/><\/div><h2 class=\"woocommerce-loop-product__title\">Barranquisme fam\u00edlia Terme inferior &#8211; Am\u00e9lie les Bains &#8211; Pirineus Orientals<\/h2><div class=\"glsr glsr-default glsrw-loop-rating\" style=\"display: inline-block; margin: 0 auto;\">\n    <div class=\"glsr-star-rating glsr-stars\" role=\"img\" aria-label=\"Rated 4,7 out of 5 stars based on 11 ratings\" data-rating=\"4.7\" data-reviews=\"11\"><span class=\"glsr-star glsr-star-full\" aria-hidden=\"true\"><\/span><span class=\"glsr-star glsr-star-full\" aria-hidden=\"true\"><\/span><span class=\"glsr-star glsr-star-full\" aria-hidden=\"true\"><\/span><span class=\"glsr-star glsr-star-full\" aria-hidden=\"true\"><\/span><span class=\"glsr-star glsr-star-half\" aria-hidden=\"true\"><\/span><\/div><\/div>\n<\/a><a href=\"https:\/\/reservation.inextremis-aventura.fr\/ca\/activitats\/barranc-gorges-del-terme-inferior-amelie-les-bains\/\" aria-describedby=\"woocommerce_loop_add_to_cart_link_describedby_832\" data-quantity=\"1\" class=\"button product_type_simple \" data-product_id=\"832\" data-product_sku=\"terme-01-2025\" aria-label=\"M\u00e9s informaci\u00f3 sobre &ldquo;Barranquisme fam\u00edlia Terme inferior - Am\u00e9lie les Bains - Pirineus Orientals&rdquo;\" rel=\"nofollow\" data-success_message=\"\">Llegeix m\u00e9s<\/a>\t<span id=\"woocommerce_loop_add_to_cart_link_describedby_832\" class=\"screen-reader-text\">\n\t\t\t<\/span>\n\n        <script>\n            document.addEventListener('DOMContentLoaded', function(){\n                function getParameterByName(name, url) {\n                    name = name.replace(\/[\\[\\]]\/g, '\\$&');\n                    var regex = new RegExp('[?&]' + name + '(=([^&#]*)|&|#|$)'),\n                        results = regex.exec(url);\n                    if (!results) return null;\n                    if (!results[2]) return '';\n                    return decodeURIComponent(results[2].replace(\/\\+\/g, ' '));\n                }\n\n                document.addEventListener('click', function(event){\n                    const namedItem = event.target.attributes.getNamedItem('data-product_id')\n                    if(!event.target.matches('.ajax_add_to_cart')){\n                        return;\n                    }\n\n                    var item_id = null;\n\n                    if(!namedItem){\n                        try{\n                            item_id = getParameterByName('add-to-cart', new URL(event.target.href).search)\n                        }\n                        catch(e){}\n                    }\n                    else{\n                        item_id = namedItem.value\n                    }\n\n                    if(item_id != terme-01-2025){\n                        return;\n                    }\n\n                    gtag('event', 'add_to_cart', {'items': [ {\"item_id\":\"terme-01-2025\",\"item_name\":\"Barranquisme fam\\u00edlia Terme inferior - Am\\u00e9lie les Bains - Pirineus Orientals\",\"list_name\":\"Barranquisme fam\\u00edlia Terme inferior &#8211; Am\\u00e9lie les Bains &#8211; Pirineus Orientals\",\"quantity\":1,\"price\":0,\"item_category\":\"Barranquisme\",\"item_category_2\":\"Fam\\u00edlia\"} ]});\n                })\n\n            });\n        <\/script>\n        <\/li>\n<li class=\"desktop-align-center tablet-align-left mobile-align-left ast-product-gallery-layout-horizontal ast-magnify-disabled product type-product post-853 status-publish last instock product_cat-barranquisme product_cat-familia product_tag-fenolledes product_tag-galamus-ca product_tag-mig-dia product_tag-pirineus-orientals product_tag-sant-paul-de-fenouillet has-post-thumbnail virtual product-type-simple\">\n\t<a href=\"https:\/\/reservation.inextremis-aventura.fr\/ca\/activitats\/barranquisme-gorges-de-galamus-sant-pau-de-fenollet\/\" class=\"woocommerce-LoopProduct-link woocommerce-loop-product__link\"><div class=\"wpcbm-wrapper wpcbm-wrapper-archive-image\"><div class=\"wpcbm-badges wpcbm-badges-bottom-left wpcbm-badges-archive_image\"><div class=\"wpcbm-badge wpcbm-badge-13636 wpcbm-pid-853 wpcbm-badge-style-04 wpcbm-badge-group-0 hint--top\" aria-label=\"\"><div class=\"wpcbm-badge-inner\">Abr\u00edl-Octubre<\/div><\/div><\/div><div class=\"wpcbm-badges wpcbm-badges-top-left wpcbm-badges-archive_image\"><div class=\"wpcbm-badge wpcbm-badge-12639 wpcbm-pid-853 wpcbm-badge-style-04 wpcbm-badge-group-0 hint--top\" aria-label=\"\"><div class=\"wpcbm-badge-inner\">Nivell de descobriment - 8 anys<\/div><\/div><\/div><div class=\"wpcbm-badges wpcbm-badges-bottom-right wpcbm-badges-archive_image\"><div class=\"wpcbm-badge wpcbm-badge-13632 wpcbm-pid-853 wpcbm-badge-style-04 wpcbm-badge-group-0 hint--top\" aria-label=\"\"><div class=\"wpcbm-badge-inner\">Trasllat en minib\u00fas<\/div><\/div><\/div><div class=\"wpcbm-badges wpcbm-badges-top-right wpcbm-badges-archive_image\"><div class=\"wpcbm-badge wpcbm-badge-13642 wpcbm-pid-853 wpcbm-badge-style-image wpcbm-badge-group-0 hint--top\" aria-label=\"\"><div class=\"wpcbm-badge-inner\"><img loading=\"lazy\" decoding=\"async\" width=\"326\" height=\"295\" src=\"https:\/\/reservation.inextremis-aventura.fr\/wp-content\/uploads\/2024\/07\/logo-sableo.jpg\" class=\"attachment-full size-full\" alt=\"Sabl\u00e9o partenaire en Canyoning\" \/><\/div><\/div><\/div><img loading=\"lazy\" decoding=\"async\" width=\"800\" height=\"600\" src=\"https:\/\/reservation.inextremis-aventura.fr\/wp-content\/uploads\/2021\/11\/canyoning-gorges-de-galamus-04.jpg\" class=\"attachment-woocommerce_thumbnail size-woocommerce_thumbnail\" alt=\"Barranquisme Gorges de Galamus - Sant Pau de Fenollet - Pirineus Orientals - 66\" \/><\/div><h2 class=\"woocommerce-loop-product__title\">Barranquisme Gorges de Galamus &#8211; Sant Pau de Fenollet &#8211; Pirineus Orientals<\/h2><div class=\"glsr glsr-default glsrw-loop-rating\" style=\"display: inline-block; margin: 0 auto;\">\n    <div class=\"glsr-star-rating glsr-stars\" role=\"img\" aria-label=\"Rated 4,3 out of 5 stars based on 4 ratings\" data-rating=\"4.3\" data-reviews=\"4\"><span class=\"glsr-star glsr-star-full\" aria-hidden=\"true\"><\/span><span class=\"glsr-star glsr-star-full\" aria-hidden=\"true\"><\/span><span class=\"glsr-star glsr-star-full\" aria-hidden=\"true\"><\/span><span class=\"glsr-star glsr-star-full\" aria-hidden=\"true\"><\/span><span class=\"glsr-star glsr-star-half\" aria-hidden=\"true\"><\/span><\/div><\/div>\n<\/a><a href=\"https:\/\/reservation.inextremis-aventura.fr\/ca\/activitats\/barranquisme-gorges-de-galamus-sant-pau-de-fenollet\/\" aria-describedby=\"woocommerce_loop_add_to_cart_link_describedby_853\" data-quantity=\"1\" class=\"button product_type_simple \" data-product_id=\"853\" data-product_sku=\"galamus-01\" aria-label=\"M\u00e9s informaci\u00f3 sobre &ldquo;Barranquisme Gorges de Galamus - Sant Pau de Fenollet - Pirineus Orientals&rdquo;\" rel=\"nofollow\" data-success_message=\"\">Llegeix m\u00e9s<\/a>\t<span id=\"woocommerce_loop_add_to_cart_link_describedby_853\" class=\"screen-reader-text\">\n\t\t\t<\/span>\n\n        <script>\n            document.addEventListener('DOMContentLoaded', function(){\n                function getParameterByName(name, url) {\n                    name = name.replace(\/[\\[\\]]\/g, '\\$&');\n                    var regex = new RegExp('[?&]' + name + '(=([^&#]*)|&|#|$)'),\n                        results = regex.exec(url);\n                    if (!results) return null;\n                    if (!results[2]) return '';\n                    return decodeURIComponent(results[2].replace(\/\\+\/g, ' '));\n                }\n\n                document.addEventListener('click', function(event){\n                    const namedItem = event.target.attributes.getNamedItem('data-product_id')\n                    if(!event.target.matches('.ajax_add_to_cart')){\n                        return;\n                    }\n\n                    var item_id = null;\n\n                    if(!namedItem){\n                        try{\n                            item_id = getParameterByName('add-to-cart', new URL(event.target.href).search)\n                        }\n                        catch(e){}\n                    }\n                    else{\n                        item_id = namedItem.value\n                    }\n\n                    if(item_id != galamus-01){\n                        return;\n                    }\n\n                    gtag('event', 'add_to_cart', {'items': [ {\"item_id\":\"galamus-01\",\"item_name\":\"Barranquisme Gorges de Galamus - Sant Pau de Fenollet - Pirineus Orientals\",\"list_name\":\"Barranquisme Gorges de Galamus &#8211; Sant Pau de Fenollet &#8211; Pirineus Orientals\",\"quantity\":1,\"price\":0,\"item_category\":\"Barranquisme\",\"item_category_2\":\"Fam\\u00edlia\"} ]});\n                })\n\n            });\n        <\/script>\n        <\/li>\n<li class=\"desktop-align-center tablet-align-left mobile-align-left ast-product-gallery-layout-horizontal ast-magnify-disabled product type-product post-872 status-publish first instock product_cat-barranquisme product_cat-descobriment product_tag-ceret-ca product_tag-iniciacio-descobriment product_tag-mig-dia product_tag-pirineus-orientals product_tag-vallespir-comarca has-post-thumbnail virtual product-type-simple\">\n\t<a href=\"https:\/\/reservation.inextremis-aventura.fr\/ca\/activitats\/barranquisme-cascades-de-baossos-ceret\/\" class=\"woocommerce-LoopProduct-link woocommerce-loop-product__link\"><div class=\"wpcbm-wrapper wpcbm-wrapper-archive-image\"><div class=\"wpcbm-badges wpcbm-badges-bottom-left wpcbm-badges-archive_image\"><div class=\"wpcbm-badge wpcbm-badge-13636 wpcbm-pid-872 wpcbm-badge-style-04 wpcbm-badge-group-0 hint--top\" aria-label=\"\"><div class=\"wpcbm-badge-inner\">Abr\u00edl-Octubre<\/div><\/div><\/div><div class=\"wpcbm-badges wpcbm-badges-top-right wpcbm-badges-archive_image\"><div class=\"wpcbm-badge wpcbm-badge-13638 wpcbm-pid-872 wpcbm-badge-style-image wpcbm-badge-group-0 hint--top\" aria-label=\"\"><div class=\"wpcbm-badge-inner\"><img loading=\"lazy\" decoding=\"async\" width=\"158\" height=\"158\" src=\"https:\/\/reservation.inextremis-aventura.fr\/wp-content\/uploads\/2020\/12\/logo2013_small.jpg\" class=\"attachment-full size-full\" alt=\"\" \/><\/div><\/div><\/div><div class=\"wpcbm-badges wpcbm-badges-top-left wpcbm-badges-archive_image\"><div class=\"wpcbm-badge wpcbm-badge-13650 wpcbm-pid-872 wpcbm-badge-style-04 wpcbm-badge-group-0 hint--top\" aria-label=\"\"><div class=\"wpcbm-badge-inner\">Nivell initiaci\u00f3 - 10 anys<\/div><\/div><\/div><div class=\"wpcbm-badges wpcbm-badges-bottom-right wpcbm-badges-archive_image\"><div class=\"wpcbm-badge wpcbm-badge-13632 wpcbm-pid-872 wpcbm-badge-style-04 wpcbm-badge-group-0 hint--top\" aria-label=\"\"><div class=\"wpcbm-badge-inner\">Trasllat en minib\u00fas<\/div><\/div><\/div><img loading=\"lazy\" decoding=\"async\" width=\"1400\" height=\"1051\" src=\"https:\/\/reservation.inextremis-aventura.fr\/wp-content\/uploads\/2021\/09\/canyon-casacades-de-baoussous-01-2021-e1632920491241.jpg\" class=\"attachment-woocommerce_thumbnail size-woocommerce_thumbnail\" alt=\"Barranquisme Cascades de Baossos a Ceret - Pirineus Orientals - 66\" \/><\/div><h2 class=\"woocommerce-loop-product__title\">Barranc Cascades de Baossos &#8211; Ceret &#8211; Pirineus Orientals<\/h2><div class=\"glsr glsr-default glsrw-loop-rating\" style=\"display: inline-block; margin: 0 auto;\">\n    <div class=\"glsr-star-rating glsr-stars\" role=\"img\" aria-label=\"Rated 4 out of 5 stars based on 2 ratings\" data-rating=\"4\" data-reviews=\"2\"><span class=\"glsr-star glsr-star-full\" aria-hidden=\"true\"><\/span><span class=\"glsr-star glsr-star-full\" aria-hidden=\"true\"><\/span><span class=\"glsr-star glsr-star-full\" aria-hidden=\"true\"><\/span><span class=\"glsr-star glsr-star-full\" aria-hidden=\"true\"><\/span><span class=\"glsr-star glsr-star-empty\" aria-hidden=\"true\"><\/span><\/div><\/div>\n<\/a><a href=\"https:\/\/reservation.inextremis-aventura.fr\/ca\/activitats\/barranquisme-cascades-de-baossos-ceret\/\" aria-describedby=\"woocommerce_loop_add_to_cart_link_describedby_872\" data-quantity=\"1\" class=\"button product_type_simple \" data-product_id=\"872\" data-product_sku=\"baoussous-01\" aria-label=\"M\u00e9s informaci\u00f3 sobre &ldquo;Barranc Cascades de Baossos - Ceret - Pirineus Orientals&rdquo;\" rel=\"nofollow\" data-success_message=\"\">Llegeix m\u00e9s<\/a>\t<span id=\"woocommerce_loop_add_to_cart_link_describedby_872\" class=\"screen-reader-text\">\n\t\t\t<\/span>\n\n        <script>\n            document.addEventListener('DOMContentLoaded', function(){\n                function getParameterByName(name, url) {\n                    name = name.replace(\/[\\[\\]]\/g, '\\$&');\n                    var regex = new RegExp('[?&]' + name + '(=([^&#]*)|&|#|$)'),\n                        results = regex.exec(url);\n                    if (!results) return null;\n                    if (!results[2]) return '';\n                    return decodeURIComponent(results[2].replace(\/\\+\/g, ' '));\n                }\n\n                document.addEventListener('click', function(event){\n                    const namedItem = event.target.attributes.getNamedItem('data-product_id')\n                    if(!event.target.matches('.ajax_add_to_cart')){\n                        return;\n                    }\n\n                    var item_id = null;\n\n                    if(!namedItem){\n                        try{\n                            item_id = getParameterByName('add-to-cart', new URL(event.target.href).search)\n                        }\n                        catch(e){}\n                    }\n                    else{\n                        item_id = namedItem.value\n                    }\n\n                    if(item_id != baoussous-01){\n                        return;\n                    }\n\n                    gtag('event', 'add_to_cart', {'items': [ {\"item_id\":\"baoussous-01\",\"item_name\":\"Barranc Cascades de Baossos - Ceret - Pirineus Orientals\",\"list_name\":\"Barranc Cascades de Baossos &#8211; Ceret &#8211; Pirineus Orientals\",\"quantity\":1,\"price\":0,\"item_category\":\"Barranquisme\",\"item_category_2\":\"Descobriment\"} ]});\n                })\n\n            });\n        <\/script>\n        <\/li>\n<li class=\"desktop-align-center tablet-align-left mobile-align-left ast-product-gallery-layout-horizontal ast-magnify-disabled product type-product post-14591 status-publish last instock product_cat-barranquisme product_cat-intermedi product_tag-anelles-ca product_tag-ceret-ca product_tag-iniciacio-esportiva product_tag-mig-dia product_tag-pirineus-orientals has-post-thumbnail virtual product-type-simple\">\n\t<a href=\"https:\/\/reservation.inextremis-aventura.fr\/ca\/activitats\/barranquisme-gorg-de-les-anelles-ceret-pirineus-orientals\/\" class=\"woocommerce-LoopProduct-link woocommerce-loop-product__link\"><div class=\"wpcbm-wrapper wpcbm-wrapper-archive-image\"><div class=\"wpcbm-badges wpcbm-badges-top-left wpcbm-badges-archive_image\"><div class=\"wpcbm-badge wpcbm-badge-13648 wpcbm-pid-14591 wpcbm-badge-style-04 wpcbm-badge-group-0 hint--top\" aria-label=\"\"><div class=\"wpcbm-badge-inner\">Nivell mitj\u00e0 - 12 anys<\/div><\/div><\/div><div class=\"wpcbm-badges wpcbm-badges-top-right wpcbm-badges-archive_image\"><div class=\"wpcbm-badge wpcbm-badge-13638 wpcbm-pid-14591 wpcbm-badge-style-image wpcbm-badge-group-0 hint--top\" aria-label=\"\"><div class=\"wpcbm-badge-inner\"><img loading=\"lazy\" decoding=\"async\" width=\"158\" height=\"158\" src=\"https:\/\/reservation.inextremis-aventura.fr\/wp-content\/uploads\/2020\/12\/logo2013_small.jpg\" class=\"attachment-full size-full\" alt=\"\" \/><\/div><\/div><\/div><div class=\"wpcbm-badges wpcbm-badges-bottom-left wpcbm-badges-archive_image\"><div class=\"wpcbm-badge wpcbm-badge-13636 wpcbm-pid-14591 wpcbm-badge-style-04 wpcbm-badge-group-0 hint--top\" aria-label=\"\"><div class=\"wpcbm-badge-inner\">Abr\u00edl-Octubre<\/div><\/div><\/div><div class=\"wpcbm-badges wpcbm-badges-bottom-right wpcbm-badges-archive_image\"><div class=\"wpcbm-badge wpcbm-badge-13632 wpcbm-pid-14591 wpcbm-badge-style-04 wpcbm-badge-group-0 hint--top\" aria-label=\"\"><div class=\"wpcbm-badge-inner\">Trasllat en minib\u00fas<\/div><\/div><\/div><img loading=\"lazy\" decoding=\"async\" width=\"1000\" height=\"750\" src=\"https:\/\/reservation.inextremis-aventura.fr\/wp-content\/uploads\/2020\/12\/canyon-gourg-des-anelles-rappel-2020.jpg\" class=\"attachment-woocommerce_thumbnail size-woocommerce_thumbnail\" alt=\"Barranquisme La Llitera \u2013 Gorges de Taurinya \u2013 Pirineus Orientals\" \/><\/div><h2 class=\"woocommerce-loop-product__title\">Barranquisme Gorg de les Anelles &#8211; Ceret &#8211; Pirineus Orientals<\/h2><div class=\"glsr glsr-default glsrw-loop-rating\" style=\"display: inline-block; margin: 0 auto;\">\n    <div class=\"glsr-star-rating glsr-stars\" role=\"img\" aria-label=\"Rated 5 out of 5 stars based on 9 ratings\" data-rating=\"5\" data-reviews=\"9\"><span class=\"glsr-star glsr-star-full\" aria-hidden=\"true\"><\/span><span class=\"glsr-star glsr-star-full\" aria-hidden=\"true\"><\/span><span class=\"glsr-star glsr-star-full\" aria-hidden=\"true\"><\/span><span class=\"glsr-star glsr-star-full\" aria-hidden=\"true\"><\/span><span class=\"glsr-star glsr-star-full\" aria-hidden=\"true\"><\/span><\/div><\/div>\n<\/a><a href=\"https:\/\/reservation.inextremis-aventura.fr\/ca\/activitats\/barranquisme-gorg-de-les-anelles-ceret-pirineus-orientals\/\" aria-describedby=\"woocommerce_loop_add_to_cart_link_describedby_14591\" data-quantity=\"1\" class=\"button product_type_simple \" data-product_id=\"14591\" data-product_sku=\"anelles-01-2025-1\" aria-label=\"M\u00e9s informaci\u00f3 sobre &ldquo;Barranquisme Gorg de les Anelles - Ceret - Pirineus Orientals&rdquo;\" rel=\"nofollow\" data-success_message=\"\">Llegeix m\u00e9s<\/a>\t<span id=\"woocommerce_loop_add_to_cart_link_describedby_14591\" class=\"screen-reader-text\">\n\t\t\t<\/span>\n\n        <script>\n            document.addEventListener('DOMContentLoaded', function(){\n                function getParameterByName(name, url) {\n                    name = name.replace(\/[\\[\\]]\/g, '\\$&');\n                    var regex = new RegExp('[?&]' + name + '(=([^&#]*)|&|#|$)'),\n                        results = regex.exec(url);\n                    if (!results) return null;\n                    if (!results[2]) return '';\n                    return decodeURIComponent(results[2].replace(\/\\+\/g, ' '));\n                }\n\n                document.addEventListener('click', function(event){\n                    const namedItem = event.target.attributes.getNamedItem('data-product_id')\n                    if(!event.target.matches('.ajax_add_to_cart')){\n                        return;\n                    }\n\n                    var item_id = null;\n\n                    if(!namedItem){\n                        try{\n                            item_id = getParameterByName('add-to-cart', new URL(event.target.href).search)\n                        }\n                        catch(e){}\n                    }\n                    else{\n                        item_id = namedItem.value\n                    }\n\n                    if(item_id != anelles-01-2025-1){\n                        return;\n                    }\n\n                    gtag('event', 'add_to_cart', {'items': [ {\"item_id\":\"anelles-01-2025-1\",\"item_name\":\"Barranquisme Gorg de les Anelles - Ceret - Pirineus Orientals\",\"list_name\":\"Barranquisme Gorg de les Anelles &#8211; Ceret &#8211; Pirineus Orientals\",\"quantity\":1,\"price\":0,\"item_category\":\"Barranquisme\",\"item_category_2\":\"Intermedi\"} ]});\n                })\n\n            });\n        <\/script>\n        <\/li>\n<li class=\"desktop-align-center tablet-align-left mobile-align-left ast-product-gallery-layout-horizontal ast-magnify-disabled product type-product post-863 status-publish first instock product_cat-barranquisme product_cat-esportiu product_tag-diada-completa product_tag-pirineus-orientals product_tag-reyniers product_tag-vallespir-comarca has-post-thumbnail featured virtual product-type-simple\">\n\t<a href=\"https:\/\/reservation.inextremis-aventura.fr\/ca\/activitats\/barranquisme-mas-cal-sant-pirineus-orientals\/\" class=\"woocommerce-LoopProduct-link woocommerce-loop-product__link\"><div class=\"wpcbm-wrapper wpcbm-wrapper-archive-image\"><div class=\"wpcbm-badges wpcbm-badges-top-left wpcbm-badges-archive_image\"><div class=\"wpcbm-badge wpcbm-badge-13652 wpcbm-pid-863 wpcbm-badge-style-04 wpcbm-badge-group-0 hint--top\" aria-label=\"\"><div class=\"wpcbm-badge-inner\">Nivell esportiu - 14 anys<\/div><\/div><\/div><div class=\"wpcbm-badges wpcbm-badges-top-right wpcbm-badges-archive_image\"><div class=\"wpcbm-badge wpcbm-badge-13638 wpcbm-pid-863 wpcbm-badge-style-image wpcbm-badge-group-0 hint--top\" aria-label=\"\"><div class=\"wpcbm-badge-inner\"><img loading=\"lazy\" decoding=\"async\" width=\"158\" height=\"158\" src=\"https:\/\/reservation.inextremis-aventura.fr\/wp-content\/uploads\/2020\/12\/logo2013_small.jpg\" class=\"attachment-full size-full\" alt=\"\" \/><\/div><\/div><\/div><div class=\"wpcbm-badges wpcbm-badges-bottom-left wpcbm-badges-archive_image\"><div class=\"wpcbm-badge wpcbm-badge-13666 wpcbm-pid-863 wpcbm-badge-style-04 wpcbm-badge-group-0 hint--top\" aria-label=\"\"><div class=\"wpcbm-badge-inner\">Abril\/Juny<\/div><\/div><\/div><div class=\"wpcbm-badges wpcbm-badges-bottom-right wpcbm-badges-archive_image\"><div class=\"wpcbm-badge wpcbm-badge-13632 wpcbm-pid-863 wpcbm-badge-style-04 wpcbm-badge-group-0 hint--top\" aria-label=\"\"><div class=\"wpcbm-badge-inner\">Trasllat en minib\u00fas<\/div><\/div><\/div><img loading=\"lazy\" decoding=\"async\" width=\"1000\" height=\"750\" src=\"https:\/\/reservation.inextremis-aventura.fr\/wp-content\/uploads\/2021\/11\/canyon-mas-calsan-05.jpg\" class=\"attachment-woocommerce_thumbnail size-woocommerce_thumbnail\" alt=\"Barranc del mas Cal Sant a Reiniers - Pirineus Orientals\" \/><\/div><h2 class=\"woocommerce-loop-product__title\">Barranquisme Mas Cal Sant &#8211; Reiners &#8211; Pirineus Orientals<\/h2><div class=\"glsr glsr-default glsrw-loop-rating\" style=\"display: inline-block; margin: 0 auto;\">\n    <div class=\"glsr-star-rating glsr-stars\" role=\"img\" aria-label=\"Rated 5 out of 5 stars based on 2 ratings\" data-rating=\"5\" data-reviews=\"2\"><span class=\"glsr-star glsr-star-full\" aria-hidden=\"true\"><\/span><span class=\"glsr-star glsr-star-full\" aria-hidden=\"true\"><\/span><span class=\"glsr-star glsr-star-full\" aria-hidden=\"true\"><\/span><span class=\"glsr-star glsr-star-full\" aria-hidden=\"true\"><\/span><span class=\"glsr-star glsr-star-full\" aria-hidden=\"true\"><\/span><\/div><\/div>\n<\/a><a href=\"https:\/\/reservation.inextremis-aventura.fr\/ca\/activitats\/barranquisme-mas-cal-sant-pirineus-orientals\/\" aria-describedby=\"woocommerce_loop_add_to_cart_link_describedby_863\" data-quantity=\"1\" class=\"button product_type_simple \" data-product_id=\"863\" data-product_sku=\"calsan-01\" aria-label=\"M\u00e9s informaci\u00f3 sobre &ldquo;Barranquisme Mas Cal Sant - Reiners - Pirineus Orientals&rdquo;\" rel=\"nofollow\" data-success_message=\"\">Llegeix m\u00e9s<\/a>\t<span id=\"woocommerce_loop_add_to_cart_link_describedby_863\" class=\"screen-reader-text\">\n\t\t\t<\/span>\n\n        <script>\n            document.addEventListener('DOMContentLoaded', function(){\n                function getParameterByName(name, url) {\n                    name = name.replace(\/[\\[\\]]\/g, '\\$&');\n                    var regex = new RegExp('[?&]' + name + '(=([^&#]*)|&|#|$)'),\n                        results = regex.exec(url);\n                    if (!results) return null;\n                    if (!results[2]) return '';\n                    return decodeURIComponent(results[2].replace(\/\\+\/g, ' '));\n                }\n\n                document.addEventListener('click', function(event){\n                    const namedItem = event.target.attributes.getNamedItem('data-product_id')\n                    if(!event.target.matches('.ajax_add_to_cart')){\n                        return;\n                    }\n\n                    var item_id = null;\n\n                    if(!namedItem){\n                        try{\n                            item_id = getParameterByName('add-to-cart', new URL(event.target.href).search)\n                        }\n                        catch(e){}\n                    }\n                    else{\n                        item_id = namedItem.value\n                    }\n\n                    if(item_id != calsan-01){\n                        return;\n                    }\n\n                    gtag('event', 'add_to_cart', {'items': [ {\"item_id\":\"calsan-01\",\"item_name\":\"Barranquisme Mas Cal Sant - Reiners - Pirineus Orientals\",\"list_name\":\"Barranquisme Mas Cal Sant &#8211; Reiners &#8211; Pirineus Orientals\",\"quantity\":1,\"price\":0,\"item_category\":\"Barranquisme\",\"item_category_2\":\"Esportiu\"} ]});\n                })\n\n            });\n        <\/script>\n        <\/li>\n<li class=\"desktop-align-center tablet-align-left mobile-align-left ast-product-gallery-layout-horizontal ast-magnify-disabled product type-product post-879 status-publish last instock product_cat-barranquisme product_cat-molt-esportif product_tag-conflent-ca product_tag-llec product_tag-mig-dia product_tag-pirineus-orientals product_tag-prades-ca has-post-thumbnail virtual product-type-simple\">\n\t<a href=\"https:\/\/reservation.inextremis-aventura.fr\/ca\/activitats\/barranc-gorges-du-llec\/\" class=\"woocommerce-LoopProduct-link woocommerce-loop-product__link\"><div class=\"wpcbm-wrapper wpcbm-wrapper-archive-image\"><div class=\"wpcbm-badges wpcbm-badges-bottom-left wpcbm-badges-archive_image\"><div class=\"wpcbm-badge wpcbm-badge-13636 wpcbm-pid-879 wpcbm-badge-style-04 wpcbm-badge-group-0 hint--top\" aria-label=\"\"><div class=\"wpcbm-badge-inner\">Abr\u00edl-Octubre<\/div><\/div><\/div><div class=\"wpcbm-badges wpcbm-badges-top-right wpcbm-badges-archive_image\"><div class=\"wpcbm-badge wpcbm-badge-13638 wpcbm-pid-879 wpcbm-badge-style-image wpcbm-badge-group-0 hint--top\" aria-label=\"\"><div class=\"wpcbm-badge-inner\"><img loading=\"lazy\" decoding=\"async\" width=\"158\" height=\"158\" src=\"https:\/\/reservation.inextremis-aventura.fr\/wp-content\/uploads\/2020\/12\/logo2013_small.jpg\" class=\"attachment-full size-full\" alt=\"\" \/><\/div><\/div><\/div><div class=\"wpcbm-badges wpcbm-badges-top-left wpcbm-badges-archive_image\"><div class=\"wpcbm-badge wpcbm-badge-13652 wpcbm-pid-879 wpcbm-badge-style-04 wpcbm-badge-group-0 hint--top\" aria-label=\"\"><div class=\"wpcbm-badge-inner\">Nivell esportiu - 14 anys<\/div><\/div><\/div><img loading=\"lazy\" decoding=\"async\" width=\"1400\" height=\"1067\" src=\"https:\/\/reservation.inextremis-aventura.fr\/wp-content\/uploads\/2021\/11\/llech-2024.jpg\" class=\"attachment-woocommerce_thumbnail size-woocommerce_thumbnail\" alt=\"Barranc Gorges del Llec - Prades - Pirineus Orientals\" \/><\/div><h2 class=\"woocommerce-loop-product__title\">Barranquisme al Llec &#8211; Prades &#8211; Pirineus Orientals<\/h2><div class=\"glsr glsr-default glsrw-loop-rating\" style=\"display: inline-block; margin: 0 auto;\">\n    <div class=\"glsr-star-rating glsr-stars\" role=\"img\" aria-label=\"Rated 5 out of 5 stars based on 2 ratings\" data-rating=\"5\" data-reviews=\"2\"><span class=\"glsr-star glsr-star-full\" aria-hidden=\"true\"><\/span><span class=\"glsr-star glsr-star-full\" aria-hidden=\"true\"><\/span><span class=\"glsr-star glsr-star-full\" aria-hidden=\"true\"><\/span><span class=\"glsr-star glsr-star-full\" aria-hidden=\"true\"><\/span><span class=\"glsr-star glsr-star-full\" aria-hidden=\"true\"><\/span><\/div><\/div>\n<\/a><a href=\"https:\/\/reservation.inextremis-aventura.fr\/ca\/activitats\/barranc-gorges-du-llec\/\" aria-describedby=\"woocommerce_loop_add_to_cart_link_describedby_879\" data-quantity=\"1\" class=\"button product_type_simple \" data-product_id=\"879\" data-product_sku=\"llech-01\" aria-label=\"M\u00e9s informaci\u00f3 sobre &ldquo;Barranquisme al Llec - Prades - Pirineus Orientals&rdquo;\" rel=\"nofollow\" data-success_message=\"\">Llegeix m\u00e9s<\/a>\t<span id=\"woocommerce_loop_add_to_cart_link_describedby_879\" class=\"screen-reader-text\">\n\t\t\t<\/span>\n\n        <script>\n            document.addEventListener('DOMContentLoaded', function(){\n                function getParameterByName(name, url) {\n                    name = name.replace(\/[\\[\\]]\/g, '\\$&');\n                    var regex = new RegExp('[?&]' + name + '(=([^&#]*)|&|#|$)'),\n                        results = regex.exec(url);\n                    if (!results) return null;\n                    if (!results[2]) return '';\n                    return decodeURIComponent(results[2].replace(\/\\+\/g, ' '));\n                }\n\n                document.addEventListener('click', function(event){\n                    const namedItem = event.target.attributes.getNamedItem('data-product_id')\n                    if(!event.target.matches('.ajax_add_to_cart')){\n                        return;\n                    }\n\n                    var item_id = null;\n\n                    if(!namedItem){\n                        try{\n                            item_id = getParameterByName('add-to-cart', new URL(event.target.href).search)\n                        }\n                        catch(e){}\n                    }\n                    else{\n                        item_id = namedItem.value\n                    }\n\n                    if(item_id != llech-01){\n                        return;\n                    }\n\n                    gtag('event', 'add_to_cart', {'items': [ {\"item_id\":\"llech-01\",\"item_name\":\"Barranquisme al Llec - Prades - Pirineus Orientals\",\"list_name\":\"Barranquisme al Llec &#8211; Prades &#8211; Pirineus Orientals\",\"quantity\":1,\"price\":0,\"item_category\":\"Barranquisme\",\"item_category_2\":\"Molt Esportif\"} ]});\n                })\n\n            });\n        <\/script>\n        <\/li>\n<\/ul>\n<\/div>[\/vc_column][\/vc_row][vc_row][vc_column width=&#8221;1\/2&#8243;]<div class=\"woocommerce columns-1 \"><ul class=\"products columns-1\">\n<li class=\"desktop-align-center tablet-align-left mobile-align-left ast-product-gallery-layout-horizontal ast-product-gallery-with-no-image ast-magnify-disabled product type-product post-3669 status-publish first instock product_cat-barranquisme product_cat-xecs-regal product_tag-targeta-regal has-post-thumbnail virtual purchasable product-type-simple\">\n\t<a href=\"https:\/\/reservation.inextremis-aventura.fr\/ca\/activitats\/targeta-regal\/\" class=\"woocommerce-LoopProduct-link woocommerce-loop-product__link\"><div class=\"wpcbm-wrapper wpcbm-wrapper-archive-image\"><img loading=\"lazy\" decoding=\"async\" width=\"1300\" height=\"957\" src=\"https:\/\/reservation.inextremis-aventura.fr\/wp-content\/uploads\/2021\/12\/targeta-regal-barranquisme-1.jpg\" class=\"attachment-woocommerce_thumbnail size-woocommerce_thumbnail\" alt=\"Targeta de regal barranquisme\" \/><\/div><h2 class=\"woocommerce-loop-product__title\">Targeta Regal Barranquisme<\/h2>\n\t<span class=\"price\"><span class=\"woocommerce-Price-amount amount\"><bdi>45,00<span class=\"woocommerce-Price-currencySymbol\">&euro;<\/span><\/bdi><\/span><\/span>\n<\/a><a href=\"\/ca\/wp-json\/wp\/v2\/pages\/806?add-to-cart=3669\" aria-describedby=\"woocommerce_loop_add_to_cart_link_describedby_3669\" data-quantity=\"1\" class=\"button product_type_simple add_to_cart_button ajax_add_to_cart \" data-product_id=\"3669\" data-product_sku=\"carte-cadeau-canyoning-2025\" aria-label=\"Afegeix a la cistella: &ldquo;Targeta Regal Barranquisme&rdquo;\" rel=\"nofollow\" data-success_message=\"&ldquo;Targeta Regal Barranquisme&rdquo; s&#039;ha afegit a la vostra cistella\">Afegeix a la cistella<\/a>\t<span id=\"woocommerce_loop_add_to_cart_link_describedby_3669\" class=\"screen-reader-text\">\n\t\t\t<\/span>\n\n        <script>\n            document.addEventListener('DOMContentLoaded', function(){\n                function getParameterByName(name, url) {\n                    name = name.replace(\/[\\[\\]]\/g, '\\$&');\n                    var regex = new RegExp('[?&]' + name + '(=([^&#]*)|&|#|$)'),\n                        results = regex.exec(url);\n                    if (!results) return null;\n                    if (!results[2]) return '';\n                    return decodeURIComponent(results[2].replace(\/\\+\/g, ' '));\n                }\n\n                document.addEventListener('click', function(event){\n                    const namedItem = event.target.attributes.getNamedItem('data-product_id')\n                    if(!event.target.matches('.ajax_add_to_cart')){\n                        return;\n                    }\n\n                    var item_id = null;\n\n                    if(!namedItem){\n                        try{\n                            item_id = getParameterByName('add-to-cart', new URL(event.target.href).search)\n                        }\n                        catch(e){}\n                    }\n                    else{\n                        item_id = namedItem.value\n                    }\n\n                    if(item_id != carte-cadeau-canyoning-2025){\n                        return;\n                    }\n\n                    gtag('event', 'add_to_cart', {'items': [ {\"item_id\":\"carte-cadeau-canyoning-2025\",\"item_name\":\"Targeta Regal Barranquisme\",\"list_name\":\"Targeta Regal Barranquisme\",\"quantity\":1,\"price\":45,\"item_category\":\"Barranquisme\",\"item_category_2\":\"Xec Regal\"} ]});\n                })\n\n            });\n        <\/script>\n        <\/li>\n<\/ul>\n<\/div>[\/vc_column][vc_column width=&#8221;1\/2&#8243;][\/vc_column][\/vc_row][vc_row][vc_column][vc_btn title=&#8221;Tots els barrancs !&#8221; style=&#8221;custom&#8221; custom_background=&#8221;#fb2056&#8243; custom_text=&#8221;#ffffff&#8221; shape=&#8221;square&#8221; align=&#8221;center&#8221; link=&#8221;url:https%3A%2F%2Fwww.inextremis-aventura.fr%2Factivites%2F|title:Activitats|&#8221;][\/vc_column][\/vc_row][vc_row][vc_column][vc_column_text css=&#8221;&#8221;]<\/p>\n<h2>Via Ferrata als Pirineus Orientals<\/h2>\n<h3><strong>3 cursos de Via Ferrata a Saint Paul de Fenouillet i 1 nou curs a Am\u00e9lie les Bains als Pirineus Orientals (66)<\/strong><\/h3>\n<p>La via ferrada \u00e9s una activitat emocionant que combina l&#8217;escalada i el senderisme, oferint una experi\u00e8ncia emocionant per als amants de l&#8217;aventura a l&#8217;aire lliure. Tant si ets un principiant que busca un repte o un escalador experimentat que busca noves sensacions, la via ferrada et porta a descobrir paisatges espectaculars alhora que et regala adrenalina.<br \/>\nImagineu-vos caminant per una paret de roca escarpada, aferrats a esglaons de metall i fent servir cables i ponts penjants per avan\u00e7ar. La via ferrada us permet aventurar-vos en llocs inaccessibles d&#8217;una altra manera, alhora que est\u00e0 assegurat per un sistema de l\u00ednia de vida cont\u00ednua. Podreu admirar panor\u00e0miques impressionants, penya-segats majestuosos i vistes impressionants de la natura que l&#8217;envolta.<br \/>\nTant si tries una via ferrada f\u00e0cil per a principiants com una via m\u00e9s t\u00e8cnica per a escaladors experimentats, t&#8217;acompanyaran guies experimentats que vetllaran per la teva seguretat i t&#8217;assessoraran durant tota l&#8217;activitat. Tamb\u00e9 et proporcionaran l&#8217;equipament necessari, com ara arn\u00e8s, casc i corda, perqu\u00e8 puguis gaudir plenament d&#8217;aquesta experi\u00e8ncia amb confian\u00e7a.<br \/>\nLa via ferrada \u00e9s una activitat ideal per a grups d&#8217;amics, fam\u00edlies o persones que busquen emocions. Ofereix una manera \u00fanica de desafiar els teus l\u00edmits f\u00edsics i mentals mentre connectes amb la natura. Tant si busqueu una aventura de mig dia com de dia sencer, la via ferrada promet una experi\u00e8ncia inoblidable i records perdurables.<br \/>\nPrepara&#8217;t per embarcar-te en una aventura vertical, posa a prova la teva agilitat i coratge i meravella&#8217;t amb la bellesa de les parets de roca. La via ferrada t&#8217;ofereix una oportunitat excepcional per superar els teus l\u00edmits i viure una experi\u00e8ncia \u00fanica, mentre et submergeixes de la grandesa de la natura.[\/vc_column_text]<div class=\"woocommerce columns-2 \"><ul class=\"products columns-2\">\n<li class=\"desktop-align-center tablet-align-left mobile-align-left ast-product-gallery-layout-horizontal ast-magnify-disabled product type-product post-11841 status-publish first instock product_cat-via-ferrata-ruta-iniciacio product_cat-via-ferrata-ca has-post-thumbnail virtual sold-individually purchasable product-type-booking\">\n\t<a href=\"https:\/\/reservation.inextremis-aventura.fr\/ca\/activitats\/via-ferrata-la-pichona-sant-pau-de-fenollet\/\" class=\"woocommerce-LoopProduct-link woocommerce-loop-product__link\"><div class=\"wpcbm-wrapper wpcbm-wrapper-archive-image\"><img loading=\"lazy\" decoding=\"async\" width=\"2048\" height=\"1536\" src=\"https:\/\/reservation.inextremis-aventura.fr\/wp-content\/uploads\/2023\/05\/via-ferrata-pichona-saint-paul-de-fenouillet-16.jpg\" class=\"attachment-woocommerce_thumbnail size-woocommerce_thumbnail\" alt=\"Via Ferrata La Pichona - Sant Pau de Fenollet\" \/><\/div><h2 class=\"woocommerce-loop-product__title\">Via Ferrata La Pichona &#8211; Sant Pau de Fenollet<\/h2><div class=\"glsr glsr-default glsrw-loop-rating\" style=\"display: inline-block; margin: 0 auto;\">\n    <div class=\"glsr-star-rating glsr-stars\" role=\"img\" aria-label=\"Rated 5 out of 5 stars based on 1 ratings\" data-rating=\"5\" data-reviews=\"1\"><span class=\"glsr-star glsr-star-full\" aria-hidden=\"true\"><\/span><span class=\"glsr-star glsr-star-full\" aria-hidden=\"true\"><\/span><span class=\"glsr-star glsr-star-full\" aria-hidden=\"true\"><\/span><span class=\"glsr-star glsr-star-full\" aria-hidden=\"true\"><\/span><span class=\"glsr-star glsr-star-full\" aria-hidden=\"true\"><\/span><\/div><\/div>\n\t<span class=\"price\"><span class=\"woocommerce-Price-amount amount\"><bdi>35,00<span class=\"woocommerce-Price-currencySymbol\">&euro;<\/span><\/bdi><\/span><\/span>\n<\/a><a href=\"https:\/\/reservation.inextremis-aventura.fr\/ca\/activitats\/via-ferrata-la-pichona-sant-pau-de-fenollet\/\" aria-describedby=\"woocommerce_loop_add_to_cart_link_describedby_11841\" data-quantity=\"1\" class=\"button product_type_booking add_to_cart_button \" data-product_id=\"11841\" data-product_sku=\"vf-pichona-01\" aria-label=\"M\u00e9s informaci\u00f3 sobre &ldquo;Via Ferrata La Pichona - Sant Pau de Fenollet&rdquo;\" rel=\"nofollow\">Llegeix m\u00e9s<\/a>\t<span id=\"woocommerce_loop_add_to_cart_link_describedby_11841\" class=\"screen-reader-text\">\n\t\t\t<\/span>\n\n        <script>\n            document.addEventListener('DOMContentLoaded', function(){\n                function getParameterByName(name, url) {\n                    name = name.replace(\/[\\[\\]]\/g, '\\$&');\n                    var regex = new RegExp('[?&]' + name + '(=([^&#]*)|&|#|$)'),\n                        results = regex.exec(url);\n                    if (!results) return null;\n                    if (!results[2]) return '';\n                    return decodeURIComponent(results[2].replace(\/\\+\/g, ' '));\n                }\n\n                document.addEventListener('click', function(event){\n                    const namedItem = event.target.attributes.getNamedItem('data-product_id')\n                    if(!event.target.matches('.ajax_add_to_cart')){\n                        return;\n                    }\n\n                    var item_id = null;\n\n                    if(!namedItem){\n                        try{\n                            item_id = getParameterByName('add-to-cart', new URL(event.target.href).search)\n                        }\n                        catch(e){}\n                    }\n                    else{\n                        item_id = namedItem.value\n                    }\n\n                    if(item_id != vf-pichona-01){\n                        return;\n                    }\n\n                    gtag('event', 'add_to_cart', {'items': [ {\"item_id\":\"vf-pichona-01\",\"item_name\":\"Via Ferrata La Pichona - Sant Pau de Fenollet\",\"list_name\":\"Via Ferrata La Pichona &#8211; Sant Pau de Fenollet\",\"quantity\":1,\"price\":35,\"item_category\":\"Ruta d\\\\'iniciaci\\u00f3\",\"item_category_2\":\"Via ferrata\"} ]});\n                })\n\n            });\n        <\/script>\n        <\/li>\n<li class=\"desktop-align-center tablet-align-left mobile-align-left ast-product-gallery-layout-horizontal ast-magnify-disabled product type-product post-11835 status-publish last instock product_cat-ruta-mitjana-via-ferrata product_cat-via-ferrata-ca has-post-thumbnail virtual sold-individually purchasable product-type-booking\">\n\t<a href=\"https:\/\/reservation.inextremis-aventura.fr\/ca\/activitats\/via-ferrata-intermedia-sant-pau-de-fenollet\/\" class=\"woocommerce-LoopProduct-link woocommerce-loop-product__link\"><div class=\"wpcbm-wrapper wpcbm-wrapper-archive-image\"><img loading=\"lazy\" decoding=\"async\" width=\"1400\" height=\"1050\" src=\"https:\/\/reservation.inextremis-aventura.fr\/wp-content\/uploads\/2023\/05\/via-ferrata-intremediaire-saint-paul-de-fenouillet-19.jpg\" class=\"attachment-woocommerce_thumbnail size-woocommerce_thumbnail\" alt=\"Via Ferrata L&#039;Interm\u00e9diaire - Saint Paul de Fenouillet - Pyr\u00e9n\u00e9es Orientales\" \/><\/div><h2 class=\"woocommerce-loop-product__title\">Via Ferrata L&#8217;Intermedia &#8211; Sant Pau de Fenollet<\/h2><div class=\"glsr glsr-default glsrw-loop-rating\" style=\"display: inline-block; margin: 0 auto;\">\n    <div class=\"glsr-star-rating glsr-stars\" role=\"img\" aria-label=\"Rated 5 out of 5 stars based on 1 ratings\" data-rating=\"5\" data-reviews=\"1\"><span class=\"glsr-star glsr-star-full\" aria-hidden=\"true\"><\/span><span class=\"glsr-star glsr-star-full\" aria-hidden=\"true\"><\/span><span class=\"glsr-star glsr-star-full\" aria-hidden=\"true\"><\/span><span class=\"glsr-star glsr-star-full\" aria-hidden=\"true\"><\/span><span class=\"glsr-star glsr-star-full\" aria-hidden=\"true\"><\/span><\/div><\/div>\n\t<span class=\"price\"><span class=\"woocommerce-Price-amount amount\"><bdi>40,00<span class=\"woocommerce-Price-currencySymbol\">&euro;<\/span><\/bdi><\/span><\/span>\n<\/a><a href=\"https:\/\/reservation.inextremis-aventura.fr\/ca\/activitats\/via-ferrata-intermedia-sant-pau-de-fenollet\/\" aria-describedby=\"woocommerce_loop_add_to_cart_link_describedby_11835\" data-quantity=\"1\" class=\"button product_type_booking add_to_cart_button \" data-product_id=\"11835\" data-product_sku=\"vf-intermediaire-01\" aria-label=\"M\u00e9s informaci\u00f3 sobre &ldquo;Via Ferrata L&#039;Intermedia - Sant Pau de Fenollet&rdquo;\" rel=\"nofollow\">Llegeix m\u00e9s<\/a>\t<span id=\"woocommerce_loop_add_to_cart_link_describedby_11835\" class=\"screen-reader-text\">\n\t\t\t<\/span>\n\n        <script>\n            document.addEventListener('DOMContentLoaded', function(){\n                function getParameterByName(name, url) {\n                    name = name.replace(\/[\\[\\]]\/g, '\\$&');\n                    var regex = new RegExp('[?&]' + name + '(=([^&#]*)|&|#|$)'),\n                        results = regex.exec(url);\n                    if (!results) return null;\n                    if (!results[2]) return '';\n                    return decodeURIComponent(results[2].replace(\/\\+\/g, ' '));\n                }\n\n                document.addEventListener('click', function(event){\n                    const namedItem = event.target.attributes.getNamedItem('data-product_id')\n                    if(!event.target.matches('.ajax_add_to_cart')){\n                        return;\n                    }\n\n                    var item_id = null;\n\n                    if(!namedItem){\n                        try{\n                            item_id = getParameterByName('add-to-cart', new URL(event.target.href).search)\n                        }\n                        catch(e){}\n                    }\n                    else{\n                        item_id = namedItem.value\n                    }\n\n                    if(item_id != vf-intermediaire-01){\n                        return;\n                    }\n\n                    gtag('event', 'add_to_cart', {'items': [ {\"item_id\":\"vf-intermediaire-01\",\"item_name\":\"Via Ferrata L\\\\'Intermedia - Sant Pau de Fenollet\",\"list_name\":\"Via Ferrata L&#8217;Intermedia &#8211; Sant Pau de Fenollet\",\"quantity\":1,\"price\":40,\"item_category\":\"Ruta mitjana\",\"item_category_2\":\"Via ferrata\"} ]});\n                })\n\n            });\n        <\/script>\n        <\/li>\n<li class=\"desktop-align-center tablet-align-left mobile-align-left ast-product-gallery-layout-horizontal ast-magnify-disabled product type-product post-11927 status-publish first instock product_cat-esportiu-ruta-via-ferrata product_cat-via-ferrata-ca has-post-thumbnail virtual sold-individually purchasable product-type-booking\">\n\t<a href=\"https:\/\/reservation.inextremis-aventura.fr\/ca\/activitats\/via-ferrata-la-panoramica\/\" class=\"woocommerce-LoopProduct-link woocommerce-loop-product__link\"><div class=\"wpcbm-wrapper wpcbm-wrapper-archive-image\"><img loading=\"lazy\" decoding=\"async\" width=\"2048\" height=\"1536\" src=\"https:\/\/reservation.inextremis-aventura.fr\/wp-content\/uploads\/2023\/06\/via-ferrata-panoramique-saint-paul-de-fenouillet-08-e1686123156102.jpg\" class=\"attachment-woocommerce_thumbnail size-woocommerce_thumbnail\" alt=\"Via Ferrata La Panoramica- Sant Pau de Fenollet - Pirineus Orientals\" \/><\/div><h2 class=\"woocommerce-loop-product__title\">Via Ferrata La Panoramica- Sant Pau de Fenollet &#8211; Pirineus Orientals<\/h2><div class=\"glsr glsr-default glsrw-loop-rating\" style=\"display: inline-block; margin: 0 auto;\">\n    <div class=\"glsr-star-rating glsr-stars\" role=\"img\" aria-label=\"Rated 5 out of 5 stars based on 1 ratings\" data-rating=\"5\" data-reviews=\"1\"><span class=\"glsr-star glsr-star-full\" aria-hidden=\"true\"><\/span><span class=\"glsr-star glsr-star-full\" aria-hidden=\"true\"><\/span><span class=\"glsr-star glsr-star-full\" aria-hidden=\"true\"><\/span><span class=\"glsr-star glsr-star-full\" aria-hidden=\"true\"><\/span><span class=\"glsr-star glsr-star-full\" aria-hidden=\"true\"><\/span><\/div><\/div>\n\t<span class=\"price\"><span class=\"woocommerce-Price-amount amount\"><bdi>55,00<span class=\"woocommerce-Price-currencySymbol\">&euro;<\/span><\/bdi><\/span><\/span>\n<\/a><a href=\"https:\/\/reservation.inextremis-aventura.fr\/ca\/activitats\/via-ferrata-la-panoramica\/\" aria-describedby=\"woocommerce_loop_add_to_cart_link_describedby_11927\" data-quantity=\"1\" class=\"button product_type_booking add_to_cart_button \" data-product_id=\"11927\" data-product_sku=\"vf-panoramique-01\" aria-label=\"M\u00e9s informaci\u00f3 sobre &ldquo;Via Ferrata La Panoramica- Sant Pau de Fenollet - Pirineus Orientals&rdquo;\" rel=\"nofollow\">Llegeix m\u00e9s<\/a>\t<span id=\"woocommerce_loop_add_to_cart_link_describedby_11927\" class=\"screen-reader-text\">\n\t\t\t<\/span>\n\n        <script>\n            document.addEventListener('DOMContentLoaded', function(){\n                function getParameterByName(name, url) {\n                    name = name.replace(\/[\\[\\]]\/g, '\\$&');\n                    var regex = new RegExp('[?&]' + name + '(=([^&#]*)|&|#|$)'),\n                        results = regex.exec(url);\n                    if (!results) return null;\n                    if (!results[2]) return '';\n                    return decodeURIComponent(results[2].replace(\/\\+\/g, ' '));\n                }\n\n                document.addEventListener('click', function(event){\n                    const namedItem = event.target.attributes.getNamedItem('data-product_id')\n                    if(!event.target.matches('.ajax_add_to_cart')){\n                        return;\n                    }\n\n                    var item_id = null;\n\n                    if(!namedItem){\n                        try{\n                            item_id = getParameterByName('add-to-cart', new URL(event.target.href).search)\n                        }\n                        catch(e){}\n                    }\n                    else{\n                        item_id = namedItem.value\n                    }\n\n                    if(item_id != vf-panoramique-01){\n                        return;\n                    }\n\n                    gtag('event', 'add_to_cart', {'items': [ {\"item_id\":\"vf-panoramique-01\",\"item_name\":\"Via Ferrata La Panoramica- Sant Pau de Fenollet - Pirineus Orientals\",\"list_name\":\"Via Ferrata La Panoramica- Sant Pau de Fenollet &#8211; Pirineus Orientals\",\"quantity\":1,\"price\":55,\"item_category\":\"Esportiu Ruta\",\"item_category_2\":\"Via ferrata\"} ]});\n                })\n\n            });\n        <\/script>\n        <\/li>\n<\/ul>\n<\/div>[\/vc_column][\/vc_row][vc_row][vc_column][vc_column_text css=&#8221;&#8221;]<\/p>\n<h3>Allotjament preferit als Pirineus Orientals<\/h3>\n<p><strong>Cabanes dels arbres a Prats de Mollo la Preste.<\/strong>[\/vc_column_text][\/vc_column][\/vc_row][vc_row][vc_column width=&#8221;1\/2&#8243;][vc_column_text css=&#8221;&#8221;]<\/p>\n<h4><img loading=\"lazy\" decoding=\"async\" class=\"aligncenter wp-image-7074 size-full\" src=\"https:\/\/www.inextremis-aventura.fr\/wp-content\/uploads\/2022\/06\/ExternalLink_domaine-oz-arbres-cabane-sequoia-05.jpg\" alt=\"Cabanes dans les arbres - Domaine Oz'arbres\" width=\"888\" height=\"664\" srcset=\"https:\/\/reservation.inextremis-aventura.fr\/wp-content\/uploads\/2022\/06\/ExternalLink_domaine-oz-arbres-cabane-sequoia-05.jpg 888w, https:\/\/reservation.inextremis-aventura.fr\/wp-content\/uploads\/2022\/06\/ExternalLink_domaine-oz-arbres-cabane-sequoia-05-100x75.jpg 100w, https:\/\/reservation.inextremis-aventura.fr\/wp-content\/uploads\/2022\/06\/ExternalLink_domaine-oz-arbres-cabane-sequoia-05-300x224.jpg 300w, https:\/\/reservation.inextremis-aventura.fr\/wp-content\/uploads\/2022\/06\/ExternalLink_domaine-oz-arbres-cabane-sequoia-05-768x574.jpg 768w\" sizes=\"auto, (max-width: 888px) 100vw, 888px\" \/>Cabanes dels arbres als Pirineus Orientals<\/h4>\n<p>[\/vc_column_text][vc_column_text css=&#8221;&#8221;]<strong>Un altre desig de natura&#8230;<\/strong><br \/>\nDespr\u00e9s de la vostra excursi\u00f3 en barranquisme al Vallespir, us proposem descobrir uns allotjaments ins\u00f2lits una mica m\u00e9s amunt a la vall del Tech, al cor d&#8217;un bosc nacional de Prats de Mollo la Preste&#8230;<br \/>\n[\/vc_column_text][vc_btn title=&#8221;+ de d\u00e9tails&#8221; style=&#8221;custom&#8221; custom_background=&#8221;#fb2056&#8243; custom_text=&#8221;#ffffff&#8221; shape=&#8221;square&#8221; align=&#8221;center&#8221; link=&#8221;url:https%3A%2F%2Fwww.domaineozarbres.fr%2F|title:Activitats|target:_blank|&#8221;][\/vc_column][vc_column width=&#8221;1\/2&#8243;][vc_column_text css=&#8221;&#8221;]<\/p>\n<h3><span class=\"\">Novetat d&#8217;enguany<\/span><\/h3>\n<p>Lloguer d&#8217;equipaments per a la Via Ferrata d&#8217;Am\u00e9lie les Bains[\/vc_column_text]<div class=\"woocommerce columns-1 \"><ul class=\"products columns-1\">\n<li class=\"desktop-align-center tablet-align-left mobile-align-left ast-product-gallery-layout-horizontal ast-product-gallery-with-no-image ast-magnify-disabled product type-product post-11853 status-publish first instock product_cat-lloguer-de-material-via-ferrata product_cat-via-ferrata-ca has-post-thumbnail virtual sold-individually purchasable product-type-booking\">\n\t<a href=\"https:\/\/reservation.inextremis-aventura.fr\/ca\/activitats\/lloguer-dequips-de-via-ferrata\/\" class=\"woocommerce-LoopProduct-link woocommerce-loop-product__link\"><div class=\"wpcbm-wrapper wpcbm-wrapper-archive-image\"><img loading=\"lazy\" decoding=\"async\" width=\"1400\" height=\"1050\" src=\"https:\/\/reservation.inextremis-aventura.fr\/wp-content\/uploads\/2024\/10\/pack-via-ferrata-2025.jpg\" class=\"attachment-woocommerce_thumbnail size-woocommerce_thumbnail\" alt=\"Lloguer d&#039;equips de Via Ferrata\" \/><\/div><h2 class=\"woocommerce-loop-product__title\">Lloguer d&#8217;equips de Via Ferrata<\/h2><div class=\"glsr glsr-default glsrw-loop-rating\" style=\"display: inline-block; margin: 0 auto;\">\n    <div class=\"glsr-star-rating glsr-stars\" role=\"img\" aria-label=\"Rated 5 out of 5 stars based on 2 ratings\" data-rating=\"5\" data-reviews=\"2\"><span class=\"glsr-star glsr-star-full\" aria-hidden=\"true\"><\/span><span class=\"glsr-star glsr-star-full\" aria-hidden=\"true\"><\/span><span class=\"glsr-star glsr-star-full\" aria-hidden=\"true\"><\/span><span class=\"glsr-star glsr-star-full\" aria-hidden=\"true\"><\/span><span class=\"glsr-star glsr-star-full\" aria-hidden=\"true\"><\/span><\/div><\/div>\n\t<span class=\"price\"><span class=\"woocommerce-Price-amount amount\"><bdi>20,00<span class=\"woocommerce-Price-currencySymbol\">&euro;<\/span><\/bdi><\/span><\/span>\n<\/a><a href=\"https:\/\/reservation.inextremis-aventura.fr\/ca\/activitats\/lloguer-dequips-de-via-ferrata\/\" aria-describedby=\"woocommerce_loop_add_to_cart_link_describedby_11853\" data-quantity=\"1\" class=\"button product_type_booking add_to_cart_button \" data-product_id=\"11853\" data-product_sku=\"\" aria-label=\"M\u00e9s informaci\u00f3 sobre &ldquo;Lloguer d&#039;equips de Via Ferrata&rdquo;\" rel=\"nofollow\">Llegeix m\u00e9s<\/a>\t<span id=\"woocommerce_loop_add_to_cart_link_describedby_11853\" class=\"screen-reader-text\">\n\t\t\t<\/span>\n\n        <script>\n            document.addEventListener('DOMContentLoaded', function(){\n                function getParameterByName(name, url) {\n                    name = name.replace(\/[\\[\\]]\/g, '\\$&');\n                    var regex = new RegExp('[?&]' + name + '(=([^&#]*)|&|#|$)'),\n                        results = regex.exec(url);\n                    if (!results) return null;\n                    if (!results[2]) return '';\n                    return decodeURIComponent(results[2].replace(\/\\+\/g, ' '));\n                }\n\n                document.addEventListener('click', function(event){\n                    const namedItem = event.target.attributes.getNamedItem('data-product_id')\n                    if(!event.target.matches('.ajax_add_to_cart')){\n                        return;\n                    }\n\n                    var item_id = null;\n\n                    if(!namedItem){\n                        try{\n                            item_id = getParameterByName('add-to-cart', new URL(event.target.href).search)\n                        }\n                        catch(e){}\n                    }\n                    else{\n                        item_id = namedItem.value\n                    }\n\n                    if(item_id != 11853){\n                        return;\n                    }\n\n                    gtag('event', 'add_to_cart', {'items': [ {\"item_id\":\"11853\",\"item_name\":\"Lloguer d\\\\'equips de Via Ferrata\",\"list_name\":\"Lloguer d&#8217;equips de Via Ferrata\",\"quantity\":1,\"price\":20,\"item_category\":\"Lloguer de material\",\"item_category_2\":\"Via ferrata\"} ]});\n                })\n\n            });\n        <\/script>\n        <\/li>\n<\/ul>\n<\/div>[\/vc_column][\/vc_row]<\/p>\n<\/div>","protected":false},"excerpt":{"rendered":"<p>[vc_row full_width=&#8221;stretch_row_content_no_spaces&#8221; content_placement=&#8221;middle&#8221; css=&#8221;.vc_custom_1669811282596{background-color: #fb2056 !important;}&#8221; el_class=&#8221;barre&#8221;][vc_column width=&#8221;1\/4&#8243; offset=&#8221;vc_hidden-sm vc_hidden-xs&#8221;][vc_column_text css=&#8221;.vc_custom_1673177552935{margin-left: 20px !important;}&#8221;] Contacta amb nosaltres ! !\u00a0[\/vc_column_text][\/vc_column][vc_column width=&#8221;1\/4&#8243; offset=&#8221;vc_col-sm-offset-0 vc_hidden-sm vc_hidden-xs&#8221;][vc_column_text]\u260f +33 9 80 850 565[\/vc_column_text][\/vc_column][vc_column width=&#8221;1\/4&#8243;][vc_column_text css=&#8221;.vc_custom_1670693987954{margin-left: 20px !important;}&#8221;] 06 29 56 40 36[\/vc_column_text][\/vc_column][vc_column width=&#8221;1\/4&#8243; offset=&#8221;vc_col-sm-offset-0 vc_hidden-sm vc_hidden-xs&#8221;][vc_column_text] Nos Locaux[\/vc_column_text][\/vc_column][\/vc_row][vc_row][vc_column][vc_column_text css=&#8221;&#8221; el_class=&#8221;product_title&#8221;] Baranquisme Pirineus Orientals [\/vc_column_text][vc_column_text css=&#8221;&#8221;]Barranquisme per a tothom, nens, adolescents, adults [&hellip;]<\/p>\n","protected":false},"author":1,"featured_media":11534,"parent":0,"menu_order":0,"comment_status":"closed","ping_status":"closed","template":"","meta":{"_acf_changed":false,"_seopress_robots_primary_cat":"","_seopress_titles_title":"Barranquisme Pirineus Orientals (Fran\u00e7a) - Inextremis Aventura","_seopress_titles_desc":"Barranquisme per a tots, nens, adolescents, adults als Pirineus Orientals (66) amb guies instructors de barrancs d'Inextremis Aventura amb diplomes de l'estat franc\u00e8s","_seopress_robots_index":"","site-sidebar-layout":"no-sidebar","site-content-layout":"page-builder","ast-site-content-layout":"full-width-container","site-content-style":"unboxed","site-sidebar-style":"unboxed","ast-global-header-display":"","ast-banner-title-visibility":"","ast-main-header-display":"","ast-hfb-above-header-display":"","ast-hfb-below-header-display":"","ast-hfb-mobile-header-display":"","site-post-title":"disabled","ast-breadcrumbs-content":"","ast-featured-img":"disabled","footer-sml-layout":"","ast-disable-related-posts":"","theme-transparent-header-meta":"default","adv-header-id-meta":"","stick-header-meta":"default","header-above-stick-meta":"","header-main-stick-meta":"on","header-below-stick-meta":"","astra-migrate-meta-layouts":"set","ast-page-background-enabled":"default","ast-page-background-meta":{"desktop":{"background-color":"var(--ast-global-color-4)","background-image":"","background-repeat":"repeat","background-position":"center center","background-size":"auto","background-attachment":"scroll","background-type":"","background-media":"","overlay-type":"","overlay-color":"","overlay-opacity":"","overlay-gradient":""},"tablet":{"background-color":"","background-image":"","background-repeat":"repeat","background-position":"center center","background-size":"auto","background-attachment":"scroll","background-type":"","background-media":"","overlay-type":"","overlay-color":"","overlay-opacity":"","overlay-gradient":""},"mobile":{"background-color":"","background-image":"","background-repeat":"repeat","background-position":"center center","background-size":"auto","background-attachment":"scroll","background-type":"","background-media":"","overlay-type":"","overlay-color":"","overlay-opacity":"","overlay-gradient":""}},"ast-content-background-meta":{"desktop":{"background-color":"var(--ast-global-color-5)","background-image":"","background-repeat":"repeat","background-position":"center center","background-size":"auto","background-attachment":"scroll","background-type":"","background-media":"","overlay-type":"","overlay-color":"","overlay-opacity":"","overlay-gradient":""},"tablet":{"background-color":"var(--ast-global-color-5)","background-image":"","background-repeat":"repeat","background-position":"center center","background-size":"auto","background-attachment":"scroll","background-type":"","background-media":"","overlay-type":"","overlay-color":"","overlay-opacity":"","overlay-gradient":""},"mobile":{"background-color":"var(--ast-global-color-5)","background-image":"","background-repeat":"repeat","background-position":"center center","background-size":"auto","background-attachment":"scroll","background-type":"","background-media":"","overlay-type":"","overlay-color":"","overlay-opacity":"","overlay-gradient":""}},"_glsr_average":0,"_glsr_ranking":0,"_glsr_reviews":0,"footnotes":""},"class_list":["post-806","page","type-page","status-publish","has-post-thumbnail","hentry"],"acf":[],"_links":{"self":[{"href":"https:\/\/reservation.inextremis-aventura.fr\/ca\/wp-json\/wp\/v2\/pages\/806","targetHints":{"allow":["GET"]}}],"collection":[{"href":"https:\/\/reservation.inextremis-aventura.fr\/ca\/wp-json\/wp\/v2\/pages"}],"about":[{"href":"https:\/\/reservation.inextremis-aventura.fr\/ca\/wp-json\/wp\/v2\/types\/page"}],"author":[{"embeddable":true,"href":"https:\/\/reservation.inextremis-aventura.fr\/ca\/wp-json\/wp\/v2\/users\/1"}],"replies":[{"embeddable":true,"href":"https:\/\/reservation.inextremis-aventura.fr\/ca\/wp-json\/wp\/v2\/comments?post=806"}],"version-history":[{"count":3,"href":"https:\/\/reservation.inextremis-aventura.fr\/ca\/wp-json\/wp\/v2\/pages\/806\/revisions"}],"predecessor-version":[{"id":14623,"href":"https:\/\/reservation.inextremis-aventura.fr\/ca\/wp-json\/wp\/v2\/pages\/806\/revisions\/14623"}],"wp:featuredmedia":[{"embeddable":true,"href":"https:\/\/reservation.inextremis-aventura.fr\/ca\/wp-json\/wp\/v2\/media\/11534"}],"wp:attachment":[{"href":"https:\/\/reservation.inextremis-aventura.fr\/ca\/wp-json\/wp\/v2\/media?parent=806"}],"curies":[{"name":"wp","href":"https:\/\/api.w.org\/{rel}","templated":true}]}}