{"id":3669,"date":"2021-11-28T20:01:06","date_gmt":"2021-11-28T19:01:06","guid":{"rendered":"https:\/\/reservation.inextremis-aventura.fr\/activites\/Sense%20categoria\/targeta-regal-canyoning\/"},"modified":"2025-03-07T14:37:59","modified_gmt":"2025-03-07T13:37:59","slug":"targeta-regal","status":"publish","type":"product","link":"https:\/\/reservation.inextremis-aventura.fr\/ca\/activitats\/targeta-regal\/","title":{"rendered":"Targeta Regal Barranquisme"},"content":{"rendered":"<p><strong>Els preus seg\u00fcents coincideixen amb els canons seg\u00fcents:<\/strong><br \/>\n45 \u20ac: Canyons Gorges du Terme Inferieur o Gorges de Galamus<br \/>\n55\u20ac: Can\u00f3 d&#8217;aigua calenta de Thu\u00e8s Entre Valls<br \/>\n55\u20ac: Canyons Cascades de Baoussous o Gourg des Anelles<br \/>\n65 \u20ac: Canyon Gorges du Llech<br \/>\nTamb\u00e9 podeu utilitzar la targeta regal com a val de descompte aplicable a tots els canyons <em>(el saldo el pagar\u00e0 el beneficiari en fer la reserva)<\/em><\/p>\n","protected":false},"excerpt":{"rendered":"<p><strong>Pots complaure a un dels teus \u00e9ssers estimats, pel seu aniversari, per Nadal o per a qualsevol altra ocasi\u00f3, regalant-los una targeta regal de barranquisme. Li permetr\u00e0 triar el viatge al barranc que vol fer. L&#8217;import de la targeta regal es descomptar\u00e0 del cost total en el moment de fer la reserva mitjan\u00e7ant el codi de cup\u00f3 que apareixer\u00e0 a la targeta.<\/strong><\/p>\n","protected":false},"featured_media":3662,"comment_status":"closed","ping_status":"closed","template":"","meta":{"_acf_changed":false,"_seopress_robots_primary_cat":"none","_seopress_titles_title":"Targeta Regal Barranquisme - Inextremis Aventura","_seopress_titles_desc":"Pots fer feli\u00e7 alg\u00fa proper, pel seu aniversari, per Nadal o en qualsevol altra ocasi\u00f3, oferint-li una targeta regal de barranquisme.","_seopress_robots_index":"","site-sidebar-layout":"no-sidebar","site-content-layout":"default","ast-site-content-layout":"default","site-content-style":"default","site-sidebar-style":"default","ast-global-header-display":"","ast-banner-title-visibility":"","ast-main-header-display":"","ast-hfb-above-header-display":"","ast-hfb-below-header-display":"","ast-hfb-mobile-header-display":"","site-post-title":"disabled","ast-breadcrumbs-content":"","ast-featured-img":"","footer-sml-layout":"","ast-disable-related-posts":"","theme-transparent-header-meta":"disabled","adv-header-id-meta":"","stick-header-meta":"default","header-above-stick-meta":"","header-main-stick-meta":"","header-below-stick-meta":"","astra-migrate-meta-layouts":"set","ast-page-background-enabled":"default","ast-page-background-meta":{"desktop":{"background-color":"var(--ast-global-color-4)","background-image":"","background-repeat":"repeat","background-position":"center center","background-size":"auto","background-attachment":"scroll","background-type":"","background-media":"","overlay-type":"","overlay-color":"","overlay-opacity":"","overlay-gradient":""},"tablet":{"background-color":"","background-image":"","background-repeat":"repeat","background-position":"center center","background-size":"auto","background-attachment":"scroll","background-type":"","background-media":"","overlay-type":"","overlay-color":"","overlay-opacity":"","overlay-gradient":""},"mobile":{"background-color":"","background-image":"","background-repeat":"repeat","background-position":"center center","background-size":"auto","background-attachment":"scroll","background-type":"","background-media":"","overlay-type":"","overlay-color":"","overlay-opacity":"","overlay-gradient":""}},"ast-content-background-meta":{"desktop":{"background-color":"var(--ast-global-color-5)","background-image":"","background-repeat":"repeat","background-position":"center center","background-size":"auto","background-attachment":"scroll","background-type":"","background-media":"","overlay-type":"","overlay-color":"","overlay-opacity":"","overlay-gradient":""},"tablet":{"background-color":"var(--ast-global-color-5)","background-image":"","background-repeat":"repeat","background-position":"center center","background-size":"auto","background-attachment":"scroll","background-type":"","background-media":"","overlay-type":"","overlay-color":"","overlay-opacity":"","overlay-gradient":""},"mobile":{"background-color":"var(--ast-global-color-5)","background-image":"","background-repeat":"repeat","background-position":"center center","background-size":"auto","background-attachment":"scroll","background-type":"","background-media":"","overlay-type":"","overlay-color":"","overlay-opacity":"","overlay-gradient":""}},"_glsr_average":0,"_glsr_ranking":0,"_glsr_reviews":0},"product_brand":[235],"product_cat":[46,138],"product_tag":[110],"class_list":{"0":"post-3669","1":"product","2":"type-product","3":"status-publish","4":"has-post-thumbnail","6":"product_brand-inextremis-aventura-ca","7":"product_cat-barranquisme","8":"product_cat-xecs-regal","9":"product_tag-targeta-regal","10":"desktop-align-center","11":"tablet-align-left","12":"mobile-align-left","13":"ast-product-gallery-layout-horizontal","14":"ast-product-gallery-with-no-image","15":"ast-magnify-disabled","17":"first","18":"instock","19":"virtual","20":"purchasable","21":"product-type-simple"},"acf":{"short_description_en_h2":"<h2>[wpcode id=\"12596\"]<\/h2>","description_de_la_sortie":"","materiel_fourni_pour_votre_descente":"Mat\u00e9riel fourni pour votre descente\r\nCombinaison canyon renforc\u00e9e\r\nHarnais avec longes doubles et descendeur\r\nCasque\r\nChaussures (du 36 au 47)","affaires_personnelles_a_prevoir":"Affaires personnelles \u00e0 pr\u00e9voir\r\n\r\nMaillot de bain\r\nChaussettes obligatoires\r\n1 paire de chaussures de sport si pointure &lt; 36 ou &gt; 47\r\n\u00c9lastique \u00e0 cheveux pour les filles\r\nBouteille d\u2019eau","le_plus_d\u2019inextremis_aventura":"Encadrement par un moniteur canyon dipl\u00f4m\u00e9 d\u2019\u00e9tat fran\u00e7ais ayant plus de 30 ans d\u2019exp\u00e9rience professionnelle \u00e9tant l\u2019un des pionniers du canyonisme dans les PO.\r\nUne navette en minibus est organis\u00e9e entre le bas et le haut du canyon vous \u00e9vitant la remont\u00e9e en sortie du canyon tr\u00e8s raide et p\u00e9nible \u00e0 vos v\u00e9hicules.\r\nMise \u00e0 disposition gratuite d\u2019un appareil photo \u00e9tanche pour l\u2019ensemble du groupe (sous r\u00e9serve de disponibilit\u00e9) \u2013 R\u00e9cup\u00e9ration gratuite des photos en t\u00e9l\u00e9chargement.","video":"","niveau":"","topographie":"","tarifs_de_la_sortie":"","infos_dates":"Vous souhaitez une autre date que celles affich\u00e9es pour votre sortie canyoning ?\r\nNous pouvons mettre en place un d\u00e9part sur simple demande.\r\nLes d\u00e9parts sont assur\u00e9s \u00e0 partir de 4 personnes, si le nombre minimum n\u2019est pas atteint nous essayons de vous replacer chez un coll\u00e8gue o\u00f9 nous vous remboursons la totalit\u00e9 de la somme que vous avez r\u00e9gl\u00e9 \u00e0 la r\u00e9servation.","image_seule":"","selectionner":"<span style=\"color: #ff0000;\"><strong>S\u00e9lectionner le nombre de place(s) total ci-dessus.<\/strong><\/span>","contact":"<a href=\"https:\/\/reservation.inextremis-aventura.fr\/nous-contacter\/\"><strong><img class=\"alignnone wp-image-8222\" src=\"https:\/\/www.inextremis-aventura.fr\/wp-content\/uploads\/2022\/12\/icone-mail.png\" alt=\"info@inextremis-aventura.com\" width=\"38\" height=\"25\" \/> Contact !<\/strong><\/a>","tel":"<strong><img class=\"alignnone wp-image-8218\" src=\"https:\/\/www.inextremis-aventura.fr\/wp-content\/uploads\/2022\/12\/icone-tel.png\" alt=\"+33980850565\" width=\"25\" height=\"25\" \/>09 80 85 05 65<\/strong>","portable":"<strong><img class=\"alignnone wp-image-8218\" src=\"https:\/\/www.inextremis-aventura.fr\/wp-content\/uploads\/2022\/12\/icone-tel.png\" alt=\"+33980850565\" width=\"25\" height=\"25\" \/>06 29 56 40 36<\/strong>","situation":"<strong><a href=\"https:\/\/goo.gl\/maps\/sMFNHoxDRmRGMJAB9\" target=\"_blank\" rel=\"noopener\"><img class=\"alignnone wp-image-8229\" title=\"Locaux Inextremis Aventura\" src=\"https:\/\/www.inextremis-aventura.fr\/wp-content\/uploads\/2022\/12\/icone-place.png\" alt=\"Locaux Inextremis Aventura\" width=\"22\" height=\"25\" \/> Situation<\/a><\/strong>","image_topo":"","google_maps":null,"informations_touristiques":"Informations touristiques","informations_touristiques_2":"","ouverture-fermeture":"","champs":"<strong>Dates en gras sorties programm\u00e9es.\r\nDates barr\u00e9es, ou non cliquables sorties compl\u00e8tes.<\/strong>","lieu_de_rdv":"<h3>Lieu de Rendez-vous :<\/h3>","shema_evenement":"","tagmanager":"<!-- Google Tag Manager (noscript) --> <noscript><iframe src=\"https:\/\/www.googletagmanager.com\/ns.html?id=GTM-TXK7HFQX\" height=\"0\" width=\"0\" style=\"display:none;visibility:hidden\"><\/iframe><\/noscript> <!-- End Google Tag Manager (noscript) -->","bouton":""},"_links":{"self":[{"href":"https:\/\/reservation.inextremis-aventura.fr\/ca\/wp-json\/wp\/v2\/product\/3669","targetHints":{"allow":["GET"]}}],"collection":[{"href":"https:\/\/reservation.inextremis-aventura.fr\/ca\/wp-json\/wp\/v2\/product"}],"about":[{"href":"https:\/\/reservation.inextremis-aventura.fr\/ca\/wp-json\/wp\/v2\/types\/product"}],"replies":[{"embeddable":true,"href":"https:\/\/reservation.inextremis-aventura.fr\/ca\/wp-json\/wp\/v2\/comments?post=3669"}],"wp:featuredmedia":[{"embeddable":true,"href":"https:\/\/reservation.inextremis-aventura.fr\/ca\/wp-json\/wp\/v2\/media\/3662"}],"wp:attachment":[{"href":"https:\/\/reservation.inextremis-aventura.fr\/ca\/wp-json\/wp\/v2\/media?parent=3669"}],"wp:term":[{"taxonomy":"product_brand","embeddable":true,"href":"https:\/\/reservation.inextremis-aventura.fr\/ca\/wp-json\/wp\/v2\/product_brand?post=3669"},{"taxonomy":"product_cat","embeddable":true,"href":"https:\/\/reservation.inextremis-aventura.fr\/ca\/wp-json\/wp\/v2\/product_cat?post=3669"},{"taxonomy":"product_tag","embeddable":true,"href":"https:\/\/reservation.inextremis-aventura.fr\/ca\/wp-json\/wp\/v2\/product_tag?post=3669"}],"curies":[{"name":"wp","href":"https:\/\/api.w.org\/{rel}","templated":true}]}}