{"id":832,"date":"2021-11-03T11:17:44","date_gmt":"2021-11-03T10:17:44","guid":{"rendered":"https:\/\/reservation.inextremis-aventura.fr\/activites\/Sense%20categoria\/canyoning-gorges-du-terme-inferieur-amelie-les-bains-pyrenees-orientales\/"},"modified":"2025-07-13T10:49:59","modified_gmt":"2025-07-13T08:49:59","slug":"barranc-gorges-del-terme-inferior-amelie-les-bains","status":"publish","type":"product","link":"https:\/\/reservation.inextremis-aventura.fr\/ca\/activitats\/barranc-gorges-del-terme-inferior-amelie-les-bains\/","title":{"rendered":"Barranquisme fam\u00edlia Terme inferior &#8211; Am\u00e9lie les Bains &#8211; Pirineus Orientals"},"content":{"rendered":"<h2>Barranquisme per a fam\u00edlies i nens!\u2026<\/h2>\n<p>Ideal per fer els primers passos en barranquisme amb els m\u00e9s petits (a partir de 8 anys), el Canyon du Terme Inf\u00e9rieur situat a Am\u00e9lie les Bains \u00e9s el barranc m\u00e9s divertit dels Pirineus Orientals per a nens dels Pirineus Orientals (66).<br \/>\nAquesta activitat no comporta cap dificultat major, excepte evolucionar en un riu i practicar salts tots evitables. La baixada es veu potenciada amb la descoberta de la geologia i la fauna dels torrents de muntanya.<br \/>\nTamb\u00e9 aqu\u00ed, l\u2019erosi\u00f3 de l\u2019aigua dels rius Terme i Mondony ha fet la seva obra mestra formant immensos blocs de granit i esquist en aquesta vall d\u2019estil mediterrani\u2026 A nom\u00e9s 45 minuts de Perpiny\u00e0 i de les estacions costaneres d\u2019Argel\u00e8s sur Mer, St Cipri\u00e0, Cotlliure i a 85 km de Rosas i la Costa Brava\u2026<\/p>\n","protected":false},"excerpt":{"rendered":"<p>Descobriu el barranquisme en fam\u00edlia amb els vostres fills en forma d&#8217;excursi\u00f3 aqu\u00e0tica a les Gorges du Terme inferior i Mondony a Am\u00e9lie les Bains als Pirineus Orientals 66. Supervisi\u00f3 guia instructor de barranquisme d&#8217;estat franc\u00e8s.<\/p>\n","protected":false},"featured_media":13051,"comment_status":"open","ping_status":"closed","template":"","meta":{"_acf_changed":false,"_seopress_robots_primary_cat":"none","_seopress_titles_title":"Barranquisme fam\u00edlia Terme inferior Am\u00e9lie les Bains Pirineus Orientals","_seopress_titles_desc":"Barranquisme en fam\u00edlia Gorges de Baixa Terme Am\u00e9lie les Bains Pyr\u00e9n\u00e9es Orientales 66 amb un guia de barranquisme franc\u00e8s certificat.","_seopress_robots_index":"","site-sidebar-layout":"no-sidebar","site-content-layout":"page-builder","ast-site-content-layout":"full-width-container","site-content-style":"unboxed","site-sidebar-style":"unboxed","ast-global-header-display":"","ast-banner-title-visibility":"","ast-main-header-display":"","ast-hfb-above-header-display":"","ast-hfb-below-header-display":"","ast-hfb-mobile-header-display":"","site-post-title":"disabled","ast-breadcrumbs-content":"","ast-featured-img":"disabled","footer-sml-layout":"","ast-disable-related-posts":"","theme-transparent-header-meta":"default","adv-header-id-meta":"","stick-header-meta":"default","header-above-stick-meta":"","header-main-stick-meta":"","header-below-stick-meta":"","astra-migrate-meta-layouts":"set","ast-page-background-enabled":"default","ast-page-background-meta":{"desktop":{"background-color":"var(--ast-global-color-4)","background-image":"","background-repeat":"repeat","background-position":"center center","background-size":"auto","background-attachment":"scroll","background-type":"","background-media":"","overlay-type":"","overlay-color":"","overlay-opacity":"","overlay-gradient":""},"tablet":{"background-color":"","background-image":"","background-repeat":"repeat","background-position":"center center","background-size":"auto","background-attachment":"scroll","background-type":"","background-media":"","overlay-type":"","overlay-color":"","overlay-opacity":"","overlay-gradient":""},"mobile":{"background-color":"","background-image":"","background-repeat":"repeat","background-position":"center center","background-size":"auto","background-attachment":"scroll","background-type":"","background-media":"","overlay-type":"","overlay-color":"","overlay-opacity":"","overlay-gradient":""}},"ast-content-background-meta":{"desktop":{"background-color":"var(--ast-global-color-5)","background-image":"","background-repeat":"repeat","background-position":"center center","background-size":"auto","background-attachment":"scroll","background-type":"","background-media":"","overlay-type":"","overlay-color":"","overlay-opacity":"","overlay-gradient":""},"tablet":{"background-color":"var(--ast-global-color-5)","background-image":"","background-repeat":"repeat","background-position":"center center","background-size":"auto","background-attachment":"scroll","background-type":"","background-media":"","overlay-type":"","overlay-color":"","overlay-opacity":"","overlay-gradient":""},"mobile":{"background-color":"var(--ast-global-color-5)","background-image":"","background-repeat":"repeat","background-position":"center center","background-size":"auto","background-attachment":"scroll","background-type":"","background-media":"","overlay-type":"","overlay-color":"","overlay-opacity":"","overlay-gradient":""}},"_glsr_average":4.70000000000000017763568394002504646778106689453125,"_glsr_ranking":4.1285714285713996929416680359281599521636962890625,"_glsr_reviews":11},"product_brand":[235],"product_cat":[46,54],"product_tag":[60,165,114,120,177],"class_list":{"0":"post-832","1":"product","2":"type-product","3":"status-publish","4":"has-post-thumbnail","6":"product_brand-inextremis-aventura-ca","7":"product_cat-barranquisme","8":"product_cat-familia","9":"product_tag-amelie-les-bains-ca","10":"product_tag-mig-dia","11":"product_tag-pirineus-orientals","12":"product_tag-terme-inferior","13":"product_tag-vallespir-comarca","14":"desktop-align-center","15":"tablet-align-left","16":"mobile-align-left","17":"ast-product-gallery-layout-horizontal","18":"ast-magnify-disabled","20":"first","21":"instock","22":"virtual","23":"product-type-simple"},"acf":{"short_description_en_h2":"<h2>[wpcode id=\"12596\"]<\/h2>","description_de_la_sortie":"<h2>Descripci\u00f3 de l\u2019excursi\u00f3 al barranc<\/h2>\r\n<strong>Barranquisme per les fam\u00edlies i els nens!\u2026<\/strong>\r\nIdeal per fer els primers passos en barranquisme amb els m\u00e9s petits (a partir de 8 anys), el Canyon du Terme Inf\u00e9rieur situat a Am\u00e9lie les Bains \u00e9s el barranc m\u00e9s divertit dels Pirineus Orientals per a nens dels Pirineus Orientals (66) .\r\nAquesta activitat no comporta cap dificultat major, excepte evolucionar en un riu i practicar salts tots evitables. La baixada es veu potenciada amb la descoberta de la geologia i la fauna dels torrents de muntanya.\r\nTamb\u00e9 aqu\u00ed, l'erosi\u00f3 de l'aigua dels rius Terme i Mondony ha fet la seva obra mestra formant immensos blocs de granit i esquist en aquesta vall d'estil mediterrani...\r\nA nom\u00e9s 45 minuts de Perpiny\u00e0 i de les estacions costaneres d'Argel\u00e8s sur Mer, St Cipri\u00e0, Cotlliure i a 85 km de Rosas i la Costa Brava...","materiel_fourni_pour_votre_descente":"<h3>Equipament proporcionat per al vostre descens<\/h3>\r\n<ul>\r\n \t<li>Vestit de Barranc refor\u00e7at<\/li>\r\n \t<li>Casc<\/li>\r\n \t<li>Sabates (de 36 a 47)<\/li>\r\n<\/ul>","affaires_personnelles_a_prevoir":"<h3>Pertinences personals a planificar<\/h3>\r\n<ul>\r\n \t<li>Vestit de bany<\/li>\r\n \t<li>Mitjons obligatoris<\/li>\r\n \t<li>1 parell de sabates esportives si mida &amp; lt; 36 o &amp; gt; 47<\/li>\r\n \t<li>El\u00e0stic de cabell per a nenes<\/li>\r\n \t<li>Ampolla d'aigua<\/li>\r\n<\/ul>","le_plus_d\u2019inextremis_aventura":"<h3>El + d'Inextremis Aventura<\/h3>\r\nSupervisi\u00f3 d'un instructor de barrancs qualificat franc\u00e8s amb m\u00e9s de 30 anys d'experi\u00e8ncia professional sent un dels pioners del barranquisme a les OP.\r\nSubministrament d'una c\u00e0mera impermeable gratu\u00efta per a tot el grup (segons disponibilitat) - Recuperaci\u00f3 gratu\u00efta de fotografies per descarregar.","video":"https:\/\/youtu.be\/SPy6rsrzYCc?si=UNxBPHD3h8HRyN-i","niveau":"<div class=\"wpcbm-badge wpcbm-badge-10025 wpcbm-pid-657 wpcbm-badge-style-04 wpcbm-badge-group-0 hint--top\" aria-label=\"\">\r\n<div class=\"wpcbm -badge-inner\"><strong>Nivell de descobriment - 8 anys<\/strong><\/div>\r\n<\/div>\r\n<div class=\"wpcbm-badge wpcbm-badge-10064 wpcbm-pid-657 wpcbm-badge-style-04 wpcbm-badge-group-0 hint--bottom\" aria-label=\"\">\r\n<div class=\"wpcbm-badge -interior\"><strong>juliol-agost<\/strong><\/div>\r\n<\/div>","topographie":"<h3>Topografia del barranc Gorges del Terme inferior<\/h3>\r\n<strong>Nom: Gorges de Lower Term\r\nLloc: Am\u00e9lie les Bains\r\nDepartament: Pirineus Orientals\r\nRegi\u00f3: Occit\u00e0nia - Pirineus mediterrani\r\nSalt de 4 m\r\nSalt de 6 o 8 m (per als m\u00e9s esportistes)\r\nSalt de 5 m\r\nSalt de 3 m\r\nSalt de 3,50 m\r\nSalt de 4 o 6 m\r\nnombroses travessies de conques per banyar-se\r\ntots els obstacles es poden evitar.<\/strong>","tarifs_de_la_sortie":"<h3>Preus de la sortida<\/h3>\r\n<ul>\r\n \t<li><strong> Tarifa adults d'1 a 4 persones: 45 \u20ac \/ pers <\/strong><\/li>\r\n \t<li><strong> Tarifa adults de 5 a 7 persones i m\u00e9s: 42 \u20ac \/ pers <\/strong><\/li>\r\n \t<li><strong> Tarifa adults de 8 a 10 persones i m\u00e9s: 39 \u20ac \/ pers <\/strong><\/li>\r\n \t<li><strong> Tarifa adolescent de 12 a 14 anys: 39 \u20ac\/pers <\/strong><\/li>\r\n<\/ul>","infos_dates":"<h2>Altres dates :<\/h2>\r\n<strong>Vols una data diferent a les que es mostren per al teu viatge de barranquisme? Podem establir una sortida a petici\u00f3 fora de la temporada d'estiu.<\/strong>","image_seule":"[caption id=\"attachment_5418\" align=\"alignnone\" width=\"1511\"]<img class=\"size-full wp-image-5418\" src=\"http:\/\/www.inextremis-aventura.fr\/wp-content\/uploads\/2021\/12\/Canyoning-Gorges-du-Terme-Infe\u0301rieur-Ame\u0301lie-les-Bains-Pyre\u0301ne\u0301es-Orientales-66-e1677515895598.jpg\" alt=\"Barranquisme fam\u00edlia Terme inferior - Am\u00e9lie les Bains - Pirineus Orientals\" width=\"1511\" height=\"950\" \/> Barranquisme fam\u00edlia Terme inferior - Am\u00e9lie les Bains - Pirineus Orientals[\/caption]","selectionner":"","contact":"<strong><a title=\"Contacta amb nosaltres !\" href=\"https:\/\/reservation.inextremis-aventura.fr\/ca\/?attachment_id=3745\"><img title=\"Contacta amb nosaltres !\" src=\"https:\/\/www.inextremis-aventura.fr\/wp-content\/uploads\/2014\/03\/contact.png\" alt=\"Contacta amb nosaltres !\" width=\"25\" height=\"15\" \/> Contacta amb nosaltres ! <\/a><\/strong>","tel":"<strong><img class=\"alignnone wp-image-8218\" src=\"http:\/\/www.inextremis-aventura.fr\/wp-content\/uploads\/2022\/12\/icone-tel.png\" alt=\"+33980850565\" width=\"25\" height=\"25\" \/>+33 980 850 565<\/strong>","portable":"<strong><img class=\"alignnone wp-image-8218\" src=\"http:\/\/www.inextremis-aventura.fr\/wp-content\/uploads\/2022\/12\/icone-tel.png\" alt=\"+33629564036\" width=\"25\" height=\"25\" \/>+33 629 564 036<\/strong>","situation":"<strong><a href=\"https:\/\/goo.gl\/maps\/sMFNHoxDRmRGMJAB9\" target=\"_blank\" rel=\"noopener\"><img class=\"alignnone wp-image-8229\" title=\"Locaux Inextremis Aventura\" src=\"http:\/\/www.inextremis-aventura.fr\/wp-content\/uploads\/2022\/12\/icone-place.png\" alt=\"Locaux Inextremis Aventura\" width=\"22\" height=\"25\" \/> Situati\u00f3<\/a><\/strong>","image_topo":"","google_maps":{"address":"parking du stade arles sur tech","lat":42.47164670000000086247382569126784801483154296875,"lng":2.66213340000000098228838396607898175716400146484375,"zoom":17,"place_id":"ChIJ74q_3PmmuhIRRJbnm3D9KIE","city":"Am\u00e9lie-les-Bains-Palalda","state":"Occitanie","post_code":66110,"country":"France","country_short":"FR"},"informations_touristiques":"<h3><strong>Am\u00e9lie-les-Bains: entre el benestar i la natura als Pirineus Orientals<\/strong><\/h3>\r\n<strong>Am\u00e9lie-les-Bains-Palalda<\/strong>, situada al cor de la vall de Tech, \u00e9s un conegut balneari i un poble amb encant que ofereix un entorn encantador. Situat als Pirineus Orientals, aquesta destinaci\u00f3 combina relax, activitats a l'aire lliure i patrimoni cultural.\r\n<h3><strong>Un balneari amb beneficis reconeguts<\/strong><\/h3>\r\nAm\u00e9lie-les-Bains \u00e9s famosa per les seves <strong>aig\u00fces termals naturals<\/strong>, explotades des de l'\u00e8poca romana. Les seves aig\u00fces sulfuroses, riques en minerals, s\u00f3n especialment recomanades per al tractament d'afeccions respirat\u00f2ries i reum\u00e0tiques. El <strong>Centre Termal<\/strong> i els <strong>Termes Romans<\/strong> atrauen cada any molts visitants a la recerca del benestar.\r\n<h3><strong>Un parad\u00eds per als amants de la natura<\/strong><\/h3>\r\nEnvoltada de muntanyes i boscos, Am\u00e9lie-les-Bains \u00e9s una porta d'entrada ideal per explorar els <strong>Pirineus catalans<\/strong>. Els amants del senderisme trobaran rutes variades, com ara:\r\n<ul>\r\n \t<li><strong>El sender dels Balcons d'Am\u00e9lie<\/strong>, que ofereix panor\u00e0miques impressionants de la vall.<\/li>\r\n \t<li>Les rutes que porten a pobles pintorescos com <strong>Palalda&lt;\/ strong&gt;, amb els seus carrers medievals.<\/strong><\/li>\r\n<\/ul>\r\n<h3><strong>Una destinaci\u00f3 rica en hist\u00f2ria i cultura<\/strong><\/h3>\r\nAm\u00e9lie-les-Bains tamb\u00e9 es distingeix pel seu <strong>patrimoni hist\u00f2ric&lt; \/strong&gt;. Visita: <\/strong>\r\n<ul>\r\n \t<li>Les restes dels <strong>Banys Romans<\/strong>, testimoni del seu passat antic.<\/li>\r\n \t<li><strong>Palalda<\/strong>, encantador poble adjacent amb el seu empedrat carrers i les seves restes medievals.<\/li>\r\n \t<li>Les nombroses festes i esdeveniments culturals que marquen la vida local, com les festes tradicionals catalanes.<\/li>\r\n<\/ul>\r\n<h3><strong>Gastronomia i art de viure&lt; \/strong&gt;<\/strong><\/h3>\r\nDespr\u00e9s d'un dia aventura o relax, deixa't temptar per la <strong>gastronomia local<\/strong>, on els sabors catalans apareixen a cada plat. Tasteu especialitats com el cargolade o la crema catalana, en un ambient amable i c\u00e0lid.\r\n<h3><strong>Acc\u00e9s i allotjament<\/strong><\/h3>\r\nF\u00e0cilment accessible amb cotxe o transport p\u00fablic des de Perpiny\u00e0, Am\u00e9lie-les-Bains ofereix una variada oferta d'allotjament: hotels, lodges i lloguers de temporada,","informations_touristiques_2":"","ouverture-fermeture":"","champs":"<strong>Dates en negreta llan\u00e7aments programats.\r\nDates ratllades o sortides completes que no es poden fer clic.\r\n<\/strong>","lieu_de_rdv":"<h3>Lloc de trobada :<\/h3>","shema_evenement":"","tagmanager":"<!-- Google Tag Manager (noscript) --> <noscript><iframe src=\"https:\/\/www.googletagmanager.com\/ns.html?id=GTM-TXK7HFQX\" height=\"0\" width=\"0\" style=\"display:none;visibility:hidden\"><\/iframe><\/noscript> <!-- End Google Tag Manager (noscript) -->","bouton":""},"_links":{"self":[{"href":"https:\/\/reservation.inextremis-aventura.fr\/ca\/wp-json\/wp\/v2\/product\/832","targetHints":{"allow":["GET"]}}],"collection":[{"href":"https:\/\/reservation.inextremis-aventura.fr\/ca\/wp-json\/wp\/v2\/product"}],"about":[{"href":"https:\/\/reservation.inextremis-aventura.fr\/ca\/wp-json\/wp\/v2\/types\/product"}],"replies":[{"embeddable":true,"href":"https:\/\/reservation.inextremis-aventura.fr\/ca\/wp-json\/wp\/v2\/comments?post=832"}],"wp:featuredmedia":[{"embeddable":true,"href":"https:\/\/reservation.inextremis-aventura.fr\/ca\/wp-json\/wp\/v2\/media\/13051"}],"wp:attachment":[{"href":"https:\/\/reservation.inextremis-aventura.fr\/ca\/wp-json\/wp\/v2\/media?parent=832"}],"wp:term":[{"taxonomy":"product_brand","embeddable":true,"href":"https:\/\/reservation.inextremis-aventura.fr\/ca\/wp-json\/wp\/v2\/product_brand?post=832"},{"taxonomy":"product_cat","embeddable":true,"href":"https:\/\/reservation.inextremis-aventura.fr\/ca\/wp-json\/wp\/v2\/product_cat?post=832"},{"taxonomy":"product_tag","embeddable":true,"href":"https:\/\/reservation.inextremis-aventura.fr\/ca\/wp-json\/wp\/v2\/product_tag?post=832"}],"curies":[{"name":"wp","href":"https:\/\/api.w.org\/{rel}","templated":true}]}}